{"id":24887,"date":"2020-12-21T18:19:47","date_gmt":"2020-12-21T17:19:47","guid":{"rendered":"https:\/\/mercatfincamasroig.com\/?page_id=24887"},"modified":"2021-01-13T16:21:44","modified_gmt":"2021-01-13T15:21:44","slug":"citricos-europa","status":"publish","type":"page","link":"https:\/\/mercatfincamasroig.com\/es\/citricos-europa\/","title":{"rendered":"Europa"},"content":{"rendered":"[vc_row type=\u00bbfull_width_background\u00bb full_screen_row_position=\u00bbmiddle\u00bb bg_image=\u00bb15325&#8243; bg_position=\u00bbleft top\u00bb bg_repeat=\u00bbno-repeat\u00bb bg_color=\u00bb#ffa500&#8243; scene_position=\u00bbcenter\u00bb text_color=\u00bblight\u00bb text_align=\u00bbleft\u00bb top_padding=\u00bb13%\u00bb bottom_padding=\u00bb13%\u00bb enable_gradient=\u00bbtrue\u00bb color_overlay=\u00bbrgba(42,139,53,0.94)\u00bb color_overlay_2=\u00bbrgba(255,165,0,0.71)\u00bb gradient_direction=\u00bbleft_t_to_right_b\u00bb overlay_strength=\u00bb1&#8243; enable_shape_divider=\u00bbtrue\u00bb shape_divider_position=\u00bbbottom\u00bb shape_divider_height=\u00bb350&#8243; bg_image_animation=\u00bbnone\u00bb parallax_bg=\u00bbtrue\u00bb parallax_bg_speed=\u00bbfast\u00bb shape_type=\u00bbwaves_opacity_alt\u00bb][vc_column column_padding=\u00bbpadding-2-percent\u00bb column_padding_position=\u00bbleft\u00bb background_color_opacity=\u00bb1&#8243; background_hover_color_opacity=\u00bb1&#8243; column_link_target=\u00bb_self\u00bb column_shadow=\u00bbnone\u00bb column_border_radius=\u00bbnone\u00bb width=\u00bb2\/3&#8243; tablet_width_inherit=\u00bbdefault\u00bb tablet_text_alignment=\u00bbdefault\u00bb phone_text_alignment=\u00bbdefault\u00bb column_border_width=\u00bbnone\u00bb column_border_style=\u00bbsolid\u00bb bg_image_animation=\u00bbnone\u00bb][split_line_heading]\n<h1 class=\"vc_custom_heading\">Transporte en Europa<\/h1>\n[\/split_line_heading][vc_row_inner column_margin=\u00bbdefault\u00bb text_align=\u00bbleft\u00bb][vc_column_inner column_padding=\u00bbno-extra-padding\u00bb column_padding_position=\u00bball\u00bb background_color_opacity=\u00bb1&#8243; background_hover_color_opacity=\u00bb1&#8243; column_shadow=\u00bbnone\u00bb column_border_radius=\u00bbnone\u00bb column_link_target=\u00bb_self\u00bb width=\u00bb3\/4&#8243; tablet_width_inherit=\u00bbdefault\u00bb column_border_width=\u00bbnone\u00bb column_border_style=\u00bbsolid\u00bb bg_image_animation=\u00bbnone\u00bb enable_animation=\u00bbtrue\u00bb animation=\u00bbfade-in-from-bottom\u00bb delay=\u00bb200&#8243;][vc_custom_heading text=\u00bb<\/p>\n<p>Todos los pedidos recibidos cada semana en destino a un pa\u00eds europeo, se cosecha el lunes y se enviar\u00e1n el mismo lunes por la tarde, para que se reciban entre el jueves y viernes de esa misma semana.<\/p>\n<p>\u2192 Realizamos env\u00edos a: Espa\u00f1a, Alemania, Austria, B\u00e9lgica, Italia, Francia, Dinamarca, Suiza, Rep\u00fablica Checa, Luxemburgo, Polonia, Holanda.\u00bb font_container=\u00bbtag:h4|font_size:20|text_align:left|color:rgba(255%2C255%2C255%2C0.7)|line_height:36px\u00bb google_fonts=\u00bbfont_family:Roboto%3A100%2C100italic%2C300%2C300italic%2Cregular%2Citalic%2C500%2C500italic%2C700%2C700italic%2C900%2C900italic|font_style:500%20bold%20regular%3A500%3Anormal\u00bb][\/vc_column_inner][vc_column_inner column_padding=\u00bbno-extra-padding\u00bb column_padding_position=\u00bball\u00bb background_color_opacity=\u00bb1&#8243; background_hover_color_opacity=\u00bb1&#8243; column_shadow=\u00bbnone\u00bb column_border_radius=\u00bbnone\u00bb column_link_target=\u00bb_self\u00bb width=\u00bb1\/4&#8243; tablet_width_inherit=\u00bbdefault\u00bb column_border_width=\u00bbnone\u00bb column_border_style=\u00bbsolid\u00bb bg_image_animation=\u00bbnone\u00bb enable_animation=\u00bbtrue\u00bb animation=\u00bbfade-in-from-bottom\u00bb delay=\u00bb300&#8243;][\/vc_column_inner][\/vc_row_inner][vc_row_inner column_margin=\u00bbdefault\u00bb text_align=\u00bbleft\u00bb][vc_column_inner column_padding=\u00bbno-extra-padding\u00bb column_padding_position=\u00bball\u00bb background_color_opacity=\u00bb1&#8243; background_hover_color_opacity=\u00bb1&#8243; column_shadow=\u00bbnone\u00bb column_border_radius=\u00bbnone\u00bb column_link_target=\u00bb_self\u00bb width=\u00bb1\/1&#8243; tablet_width_inherit=\u00bbdefault\u00bb column_border_width=\u00bbnone\u00bb column_border_style=\u00bbsolid\u00bb bg_image_animation=\u00bbnone\u00bb enable_animation=\u00bbtrue\u00bb animation=\u00bbfade-in-from-bottom\u00bb delay=\u00bb400&#8243;][nectar_btn size=\u00bbjumbo\u00bb button_style=\u00bbsee-through-2&#8243; color_override=\u00bb#ffffff\u00bb hover_color_override=\u00bb#ffffff\u00bb hover_text_color_override=\u00bb#000000&#8243; icon_family=\u00bbnone\u00bb url=\u00bbhttps:\/\/mercatfincamasroig.com\/es\/categoria-producto\/europa\/caja-mixta\/\u00bb text=\u00bbComprar\u00bb margin_top=\u00bb30&#8243;][\/vc_column_inner][\/vc_row_inner][\/vc_column][vc_column column_padding=\u00bbno-extra-padding\u00bb column_padding_position=\u00bball\u00bb background_color_opacity=\u00bb1&#8243; background_hover_color_opacity=\u00bb1&#8243; column_link_target=\u00bb_self\u00bb column_shadow=\u00bbnone\u00bb column_border_radius=\u00bbnone\u00bb width=\u00bb1\/3&#8243; tablet_width_inherit=\u00bbdefault\u00bb tablet_text_alignment=\u00bbdefault\u00bb phone_text_alignment=\u00bbdefault\u00bb column_border_width=\u00bbnone\u00bb column_border_style=\u00bbsolid\u00bb bg_image_animation=\u00bbnone\u00bb][\/vc_column][\/vc_row][vc_row type=\u00bbfull_width_background\u00bb full_screen_row_position=\u00bbmiddle\u00bb bg_color=\u00bb#ffffff\u00bb scene_position=\u00bbcenter\u00bb text_color=\u00bbdark\u00bb text_align=\u00bbcenter\u00bb overlay_strength=\u00bb0.3&#8243; shape_divider_position=\u00bbbottom\u00bb bg_image_animation=\u00bbnone\u00bb shape_type=\u00bb\u00bb][vc_column column_padding=\u00bbno-extra-padding\u00bb column_padding_position=\u00bball\u00bb background_color_opacity=\u00bb1&#8243; background_hover_color_opacity=\u00bb1&#8243; column_link_target=\u00bb_self\u00bb column_shadow=\u00bbnone\u00bb column_border_radius=\u00bbnone\u00bb width=\u00bb1\/1&#8243; tablet_width_inherit=\u00bbdefault\u00bb tablet_text_alignment=\u00bbdefault\u00bb phone_text_alignment=\u00bbdefault\u00bb column_border_width=\u00bbnone\u00bb column_border_style=\u00bbsolid\u00bb bg_image_animation=\u00bbnone\u00bb][vc_custom_heading text=\u00bbDel \u00e1rbol a casa en 72 horas\u00bb font_container=\u00bbtag:h2|text_align:center|color:%232a8b35&#8243; google_fonts=\u00bbfont_family:Great%20Vibes%3Aregular|font_style:400%20regular%3A400%3Anormal\u00bb css=\u00bb.vc_custom_1608569536153{padding-top: 5% !important;}\u00bb][nectar_highlighted_text highlight_color=\u00bb#2a8b35&#8243; style=\u00bbhalf_text\u00bb]\n<h2 class=\"vc_custom_heading\" style=\"text-align: center;\">Producto catal\u00e1n<\/h2>\n[\/nectar_highlighted_text][vc_text_separator title=\u00bb\u00bb i_type=\u00bblinecons\u00bb i_icon_linecons=\u00bbvc_li vc_li-shop\u00bb i_color=\u00bborange\u00bb i_size=\u00bblg\u00bb color=\u00bbgreen\u00bb el_width=\u00bb20&#8243; add_icon=\u00bbtrue\u00bb][\/vc_column][\/vc_row][vc_row type=\u00bbfull_width_content\u00bb full_screen_row_position=\u00bbmiddle\u00bb bg_color=\u00bb#ffffff\u00bb scene_position=\u00bbcenter\u00bb text_color=\u00bbdark\u00bb text_align=\u00bbcenter\u00bb top_padding=\u00bb6%\u00bb bottom_padding=\u00bb6%\u00bb overlay_strength=\u00bb0.3&#8243; shape_divider_position=\u00bbbottom\u00bb bg_image_animation=\u00bbnone\u00bb shape_type=\u00bb\u00bb][vc_column centered_text=\u00bbtrue\u00bb column_padding=\u00bbpadding-3-percent\u00bb column_padding_position=\u00bbleft-right\u00bb background_color_opacity=\u00bb1&#8243; background_hover_color_opacity=\u00bb1&#8243; column_link_target=\u00bb_self\u00bb column_shadow=\u00bbnone\u00bb column_border_radius=\u00bbnone\u00bb width=\u00bb1\/1&#8243; tablet_width_inherit=\u00bbdefault\u00bb tablet_text_alignment=\u00bbdefault\u00bb phone_text_alignment=\u00bbdefault\u00bb column_border_width=\u00bbnone\u00bb column_border_style=\u00bbsolid\u00bb bg_image_animation=\u00bbnone\u00bb]<div class=\"woocommerce columns-3 \"><\/div>[\/vc_column][\/vc_row][vc_row type=\u00bbfull_width_background\u00bb full_screen_row_position=\u00bbmiddle\u00bb equal_height=\u00bbyes\u00bb content_placement=\u00bbmiddle\u00bb scene_position=\u00bbcenter\u00bb text_color=\u00bbdark\u00bb text_align=\u00bbleft\u00bb top_padding=\u00bb6%\u00bb bottom_padding=\u00bb6%\u00bb overlay_strength=\u00bb0.3&#8243; shape_divider_position=\u00bbbottom\u00bb bg_image_animation=\u00bbnone\u00bb column_margin=\u00bbnone\u00bb shape_type=\u00bb\u00bb][vc_column column_padding=\u00bbpadding-7-percent\u00bb column_padding_position=\u00bball\u00bb background_color=\u00bb#ffa500&#8243; background_color_opacity=\u00bb1&#8243; background_hover_color_opacity=\u00bb1&#8243; font_color=\u00bb#ffffff\u00bb column_link_target=\u00bb_self\u00bb column_shadow=\u00bbnone\u00bb column_border_radius=\u00bbnone\u00bb width=\u00bb7\/12&#8243; tablet_width_inherit=\u00bbdefault\u00bb tablet_text_alignment=\u00bbdefault\u00bb phone_text_alignment=\u00bbdefault\u00bb column_border_width=\u00bbnone\u00bb column_border_style=\u00bbsolid\u00bb bg_image_animation=\u00bbnone\u00bb overlay_strength=\u00bb0.3&#8243;][vc_row_inner column_margin=\u00bbnone\u00bb bottom_padding=\u00bb10&#8243; text_align=\u00bbleft\u00bb][vc_column_inner column_padding=\u00bbno-extra-padding\u00bb column_padding_position=\u00bball\u00bb background_color_opacity=\u00bb1&#8243; background_hover_color_opacity=\u00bb1&#8243; font_color=\u00bb#ffffff\u00bb column_shadow=\u00bbnone\u00bb column_border_radius=\u00bbnone\u00bb column_link_target=\u00bb_self\u00bb width=\u00bb1\/1&#8243; tablet_width_inherit=\u00bbdefault\u00bb column_border_width=\u00bbnone\u00bb column_border_style=\u00bbsolid\u00bb bg_image_animation=\u00bbnone\u00bb overlay_strength=\u00bb0.3&#8243; offset=\u00bbvc_col-lg-11 vc_col-md-11 vc_col-xs-12&#8243;][vc_custom_heading text=\u00bbMERCAT FINCA MAS ROIG\u00bb font_container=\u00bbtag:h5|text_align:left|color:%23ffffff\u00bb use_theme_fonts=\u00bbyes\u00bb css=\u00bb.vc_custom_1609782961710{margin-bottom: 10px !important;}\u00bb][\/vc_column_inner][\/vc_row_inner][vc_row_inner column_margin=\u00bbdefault\u00bb text_align=\u00bbleft\u00bb][vc_column_inner column_padding=\u00bbno-extra-padding\u00bb column_padding_position=\u00bball\u00bb background_color_opacity=\u00bb1&#8243; background_hover_color_opacity=\u00bb1&#8243; column_shadow=\u00bbnone\u00bb column_border_radius=\u00bbnone\u00bb column_link_target=\u00bb_self\u00bb width=\u00bb1\/1&#8243; tablet_width_inherit=\u00bbdefault\u00bb column_border_width=\u00bbnone\u00bb column_border_style=\u00bbsolid\u00bb bg_image_animation=\u00bbnone\u00bb enable_animation=\u00bbtrue\u00bb animation=\u00bbfade-in-from-bottom\u00bb overlay_strength=\u00bb0.3&#8243; offset=\u00bbvc_col-lg-11 vc_col-md-11 vc_col-xs-12&#8243;][vc_custom_heading text=\u00bbInstrucciones para efectuar pedidos\u00bb font_container=\u00bbtag:h2|font_size:40|text_align:left|color:%23ffffff|line_height:50px\u00bb use_theme_fonts=\u00bbyes\u00bb][divider line_type=\u00bbSmall Line\u00bb line_alignment=\u00bbdefault\u00bb line_thickness=\u00bb1&#8243; divider_color=\u00bbextra-color-1&#8243;][vc_column_text]<span style=\"color: #008000;\"><strong>\u2192 <\/strong><\/span><span style=\"color: #ffffff;\"><strong>Periodo de pedidos:<\/strong> hasta el domingo a las 20:00<\/span><br \/>\n<strong><span style=\"color: #008000;\">\u2192 <\/span><span style=\"color: #ffffff;\">D\u00eda de cosecha:<\/span><\/strong><span style=\"color: #ffffff;\"> lunes<\/span><br \/>\n<span style=\"color: #008000;\"><strong>\u2192 <\/strong><\/span><span style=\"color: #ffffff;\"><strong>D\u00eda de env\u00edo: <\/strong>lunes<\/span><br \/>\n<strong><span style=\"color: #008000;\">\u2192<\/span> <span style=\"color: #ffffff;\">D\u00eda de recepci\u00f3n:<\/span><\/strong><span style=\"color: #ffffff;\"> jueves y viernes.<\/span>[\/vc_column_text][nectar_btn size=\u00bbjumbo\u00bb button_style=\u00bbsee-through-2&#8243; color_override=\u00bb#ffffff\u00bb hover_text_color_override=\u00bb#ffffff\u00bb icon_family=\u00bbnone\u00bb url=\u00bbhttps:\/\/mercatfincamasroig.com\/es\/categoria-producto\/europa\/caja-mixta\/\u00bb text=\u00bbComprar\u00bb margin_top=\u00bb30&#8243;][\/vc_column_inner][\/vc_row_inner][\/vc_column][vc_column column_padding=\u00bbno-extra-padding\u00bb column_padding_position=\u00bball\u00bb background_color_opacity=\u00bb1&#8243; background_hover_color_opacity=\u00bb1&#8243; column_link_target=\u00bb_self\u00bb column_shadow=\u00bbnone\u00bb column_border_radius=\u00bbnone\u00bb width=\u00bb5\/12&#8243; tablet_width_inherit=\u00bbdefault\u00bb tablet_text_alignment=\u00bbdefault\u00bb phone_text_alignment=\u00bbdefault\u00bb column_border_width=\u00bbnone\u00bb column_border_style=\u00bbsolid\u00bb bg_image_animation=\u00bbnone\u00bb overlay_strength=\u00bb0.3&#8243;][vc_row_inner column_margin=\u00bbdefault\u00bb text_align=\u00bbleft\u00bb][vc_column_inner column_padding=\u00bbno-extra-padding\u00bb column_padding_position=\u00bball\u00bb background_color_opacity=\u00bb1&#8243; background_hover_color_opacity=\u00bb1&#8243; column_shadow=\u00bbnone\u00bb column_border_radius=\u00bbnone\u00bb column_link_target=\u00bb_self\u00bb width=\u00bb1\/1&#8243; tablet_width_inherit=\u00bbdefault\u00bb column_border_width=\u00bbnone\u00bb column_border_style=\u00bbsolid\u00bb bg_image_animation=\u00bbnone\u00bb overlay_strength=\u00bb0.3&#8243;][image_with_animation image_url=\u00bb15331&#8243; alignment=\u00bbright\u00bb animation=\u00bbGrow In\u00bb border_radius=\u00bbnone\u00bb box_shadow=\u00bbnone\u00bb max_width=\u00bb125%\u00bb hover_animation=\u00bbzoom-crop\u00bb image_loading=\u00bbdefault\u00bb max_width_mobile=\u00bbdefault\u00bb][\/vc_column_inner][\/vc_row_inner][\/vc_column][\/vc_row][vc_row type=\u00bbfull_width_background\u00bb full_screen_row_position=\u00bbmiddle\u00bb equal_height=\u00bbyes\u00bb content_placement=\u00bbmiddle\u00bb scene_position=\u00bbcenter\u00bb text_color=\u00bbdark\u00bb text_align=\u00bbleft\u00bb disable_element=\u00bbyes\u00bb overlay_strength=\u00bb0.3&#8243; shape_divider_position=\u00bbbottom\u00bb bg_image_animation=\u00bbnone\u00bb shape_type=\u00bb\u00bb][vc_column column_padding=\u00bbno-extra-padding\u00bb column_padding_position=\u00bball\u00bb background_color_opacity=\u00bb1&#8243; background_hover_color_opacity=\u00bb1&#8243; column_link_target=\u00bb_self\u00bb column_shadow=\u00bbnone\u00bb column_border_radius=\u00bbnone\u00bb width=\u00bb5\/12&#8243; tablet_width_inherit=\u00bbdefault\u00bb tablet_text_alignment=\u00bbdefault\u00bb phone_text_alignment=\u00bbdefault\u00bb column_border_width=\u00bbnone\u00bb column_border_style=\u00bbsolid\u00bb bg_image_animation=\u00bbnone\u00bb][vc_row_inner column_margin=\u00bbdefault\u00bb text_align=\u00bbleft\u00bb][vc_column_inner column_padding=\u00bbno-extra-padding\u00bb column_padding_position=\u00bball\u00bb background_color_opacity=\u00bb1&#8243; background_hover_color_opacity=\u00bb1&#8243; column_shadow=\u00bbnone\u00bb column_border_radius=\u00bbnone\u00bb column_link_target=\u00bb_self\u00bb width=\u00bb1\/1&#8243; tablet_width_inherit=\u00bbdefault\u00bb column_border_width=\u00bbnone\u00bb column_border_style=\u00bbsolid\u00bb bg_image_animation=\u00bbnone\u00bb][image_with_animation image_url=\u00bb15333&#8243; alignment=\u00bb\u00bb animation=\u00bbGrow In\u00bb border_radius=\u00bbnone\u00bb box_shadow=\u00bbnone\u00bb max_width=\u00bb125%\u00bb hover_animation=\u00bbzoom-crop\u00bb image_loading=\u00bbdefault\u00bb max_width_mobile=\u00bbdefault\u00bb][\/vc_column_inner][\/vc_row_inner][\/vc_column][vc_column column_padding=\u00bbpadding-8-percent\u00bb column_padding_position=\u00bball\u00bb background_color=\u00bb#2a8b35&#8243; background_color_opacity=\u00bb1&#8243; background_hover_color_opacity=\u00bb1&#8243; column_link_target=\u00bb_self\u00bb column_shadow=\u00bbnone\u00bb column_border_radius=\u00bbnone\u00bb width=\u00bb7\/12&#8243; tablet_width_inherit=\u00bbdefault\u00bb tablet_text_alignment=\u00bbdefault\u00bb phone_text_alignment=\u00bbdefault\u00bb column_border_width=\u00bbnone\u00bb column_border_style=\u00bbsolid\u00bb bg_image_animation=\u00bbnone\u00bb][vc_row_inner column_margin=\u00bbdefault\u00bb text_align=\u00bbright\u00bb][vc_column_inner column_padding=\u00bbpadding-7-percent\u00bb column_padding_position=\u00bbleft\u00bb background_color_opacity=\u00bb1&#8243; background_hover_color_opacity=\u00bb1&#8243; column_shadow=\u00bbnone\u00bb column_border_radius=\u00bbnone\u00bb column_link_target=\u00bb_self\u00bb width=\u00bb1\/1&#8243; tablet_width_inherit=\u00bbdefault\u00bb column_border_width=\u00bbnone\u00bb column_border_style=\u00bbsolid\u00bb bg_image_animation=\u00bbnone\u00bb][vc_custom_heading text=\u00bbMERCAT FINCA MAS ROIG\u00bb font_container=\u00bbtag:h5|text_align:left|color:%23ffffff\u00bb use_theme_fonts=\u00bbyes\u00bb css=\u00bb.vc_custom_1609782968202{margin-bottom: 10px !important;}\u00bb][\/vc_column_inner][\/vc_row_inner][vc_row_inner column_margin=\u00bbdefault\u00bb text_align=\u00bbleft\u00bb][vc_column_inner column_padding=\u00bbpadding-7-percent\u00bb column_padding_position=\u00bbleft\u00bb background_color_opacity=\u00bb1&#8243; background_hover_color_opacity=\u00bb1&#8243; font_color=\u00bb#ffffff\u00bb column_shadow=\u00bbnone\u00bb column_border_radius=\u00bbnone\u00bb column_link_target=\u00bb_self\u00bb width=\u00bb1\/1&#8243; tablet_width_inherit=\u00bbdefault\u00bb column_border_width=\u00bbnone\u00bb column_border_style=\u00bbsolid\u00bb bg_image_animation=\u00bbnone\u00bb enable_animation=\u00bbtrue\u00bb animation=\u00bbfade-in-from-bottom\u00bb][vc_custom_heading text=\u00bbTransporte en Europa\u00bb font_container=\u00bbtag:h2|font_size:40|text_align:left|line_height:50px\u00bb use_theme_fonts=\u00bbyes\u00bb][divider line_type=\u00bbSmall Line\u00bb line_alignment=\u00bbdefault\u00bb line_thickness=\u00bb1&#8243; divider_color=\u00bbdefault\u00bb][vc_column_text]<span style=\"color: #ffffff;\">Todos los pedidos recibidos cada semana en destino a un pa\u00eds europeo, se cosecha el lunes y se enviar\u00e1n el mismo lunes por la tarde, para que se reciban entre el jueves y viernes de esa misma semana.<\/span><\/p>\n<p><span style=\"color: #ffffff;\"><strong>\u2192 Realizamos env\u00edos a: Espa\u00f1a, Alemania, Austria, B\u00e9lgica, Italia, Francia, Dinamarca, Suiza, Rep\u00fablica Checa, Luxemburgo, Polonia, Holanda.<\/strong><\/span>[\/vc_column_text][nectar_btn size=\u00bbjumbo\u00bb button_style=\u00bbsee-through-2&#8243; color_override=\u00bb#ffffff\u00bb hover_text_color_override=\u00bb#ffffff\u00bb icon_family=\u00bbnone\u00bb url=\u00bbhttps:\/\/mercatfincamasroig.com\/es\/categoria-producto\/europa\/caja-mixta\/\u00bb text=\u00bbComprar\u00bb margin_top=\u00bb30&#8243;][\/vc_column_inner][\/vc_row_inner][\/vc_column][\/vc_row][vc_row type=\u00bbin_container\u00bb full_screen_row_position=\u00bbmiddle\u00bb scene_position=\u00bbcenter\u00bb text_color=\u00bbdark\u00bb text_align=\u00bbleft\u00bb overlay_strength=\u00bb0.3&#8243; shape_divider_position=\u00bbbottom\u00bb bg_image_animation=\u00bbnone\u00bb][vc_column column_padding=\u00bbno-extra-padding\u00bb column_padding_position=\u00bball\u00bb background_color_opacity=\u00bb1&#8243; background_hover_color_opacity=\u00bb1&#8243; column_link_target=\u00bb_self\u00bb column_shadow=\u00bbnone\u00bb column_border_radius=\u00bbnone\u00bb width=\u00bb1\/1&#8243; tablet_width_inherit=\u00bbdefault\u00bb tablet_text_alignment=\u00bbdefault\u00bb phone_text_alignment=\u00bbdefault\u00bb column_border_width=\u00bbnone\u00bb column_border_style=\u00bbsolid\u00bb bg_image_animation=\u00bbnone\u00bb][vc_column_text]\n[\/vc_column_text][\/vc_column][\/vc_row]\n","protected":false},"excerpt":{"rendered":"<p>[vc_row type=\u00bbfull_width_background\u00bb full_screen_row_position=\u00bbmiddle\u00bb bg_image=\u00bb15325&#8243; bg_position=\u00bbleft top\u00bb bg_repeat=\u00bbno-repeat\u00bb bg_color=\u00bb#ffa500&#8243; scene_position=\u00bbcenter\u00bb text_color=\u00bblight\u00bb text_align=\u00bbleft\u00bb top_padding=\u00bb13%\u00bb bottom_padding=\u00bb13%\u00bb enable_gradient=\u00bbtrue\u00bb color_overlay=\u00bbrgba(42,139,53,0.94)\u00bb color_overlay_2=\u00bbrgba(255,165,0,0.71)\u00bb gradient_direction=\u00bbleft_t_to_right_b\u00bb overlay_strength=\u00bb1&#8243; enable_shape_divider=\u00bbtrue\u00bb shape_divider_position=\u00bbbottom\u00bb shape_divider_height=\u00bb350&#8243; bg_image_animation=\u00bbnone\u00bb parallax_bg=\u00bbtrue\u00bb parallax_bg_speed=\u00bbfast\u00bb shape_type=\u00bbwaves_opacity_alt\u00bb][vc_column&#8230;<\/p>\n","protected":false},"author":1,"featured_media":15333,"parent":0,"menu_order":0,"comment_status":"closed","ping_status":"closed","template":"","meta":{"footnotes":""},"class_list":["post-24887","page","type-page","status-publish","has-post-thumbnail"],"yoast_head":"<!-- This site is optimized with the Yoast SEO plugin v26.6 - https:\/\/yoast.com\/wordpress\/plugins\/seo\/ -->\n<title>Europa - Mercat Finca Mas Roig<\/title>\n<meta name=\"description\" content=\"Tienda de c\u00edtricos de KM0 de las Terras del Ebre, venta en Europa. Nos dedicamos a la producci\u00f3n de c\u00edtricos y venta de productos frescos de mercado con fincas situadas en Camarles y Benifallet.\" \/>\n<meta name=\"robots\" content=\"index, follow, max-snippet:-1, max-image-preview:large, max-video-preview:-1\" \/>\n<link rel=\"canonical\" href=\"https:\/\/mercatfincamasroig.com\/citricos-europa-2\/\" \/>\n<meta property=\"og:locale\" content=\"es_ES\" \/>\n<meta property=\"og:type\" content=\"article\" \/>\n<meta property=\"og:title\" content=\"Europa - Mercat Finca Mas Roig\" \/>\n<meta property=\"og:description\" content=\"Tienda de c\u00edtricos de KM0 de las Terras del Ebre, venta en Europa. Nos dedicamos a la producci\u00f3n de c\u00edtricos y venta de productos frescos de mercado con fincas situadas en Camarles y Benifallet.\" \/>\n<meta property=\"og:url\" content=\"https:\/\/mercatfincamasroig.com\/citricos-europa-2\/\" \/>\n<meta property=\"og:site_name\" content=\"Mercat Finca Mas Roig\" \/>\n<meta property=\"article:modified_time\" content=\"2021-01-13T15:21:44+00:00\" \/>\n<meta property=\"og:image\" content=\"https:\/\/mercatfincamasroig.com\/wp-content\/uploads\/2020\/03\/citrics-finca-mas-roig-limones-llimones-km0-ebres-terres-mandarines-clemenules-naranjas-km0-caixa.mixta-citrics.jpg\" \/>\n\t<meta property=\"og:image:width\" content=\"1800\" \/>\n\t<meta property=\"og:image:height\" content=\"1201\" \/>\n\t<meta property=\"og:image:type\" content=\"image\/jpeg\" \/>\n<meta name=\"twitter:card\" content=\"summary_large_image\" \/>\n<meta name=\"twitter:label1\" content=\"Tiempo de lectura\" \/>\n\t<meta name=\"twitter:data1\" content=\"10 minutos\" \/>\n<script type=\"application\/ld+json\" class=\"yoast-schema-graph\">{\"@context\":\"https:\/\/schema.org\",\"@graph\":[{\"@type\":\"WebPage\",\"@id\":\"https:\/\/mercatfincamasroig.com\/citricos-europa-2\/\",\"url\":\"https:\/\/mercatfincamasroig.com\/citricos-europa-2\/\",\"name\":\"Europa - Mercat Finca Mas Roig\",\"isPartOf\":{\"@id\":\"https:\/\/mercatfincamasroig.com\/#website\"},\"primaryImageOfPage\":{\"@id\":\"https:\/\/mercatfincamasroig.com\/citricos-europa-2\/#primaryimage\"},\"image\":{\"@id\":\"https:\/\/mercatfincamasroig.com\/citricos-europa-2\/#primaryimage\"},\"thumbnailUrl\":\"https:\/\/mercatfincamasroig.com\/wp-content\/uploads\/2020\/03\/citrics-finca-mas-roig-limones-llimones-km0-ebres-terres-mandarines-clemenules-naranjas-km0-caixa.mixta-citrics.jpg\",\"datePublished\":\"2020-12-21T17:19:47+00:00\",\"dateModified\":\"2021-01-13T15:21:44+00:00\",\"description\":\"Tienda de c\u00edtricos de KM0 de las Terras del Ebre, venta en Europa. Nos dedicamos a la producci\u00f3n de c\u00edtricos y venta de productos frescos de mercado con fincas situadas en Camarles y Benifallet.\",\"breadcrumb\":{\"@id\":\"https:\/\/mercatfincamasroig.com\/citricos-europa-2\/#breadcrumb\"},\"inLanguage\":\"es\",\"potentialAction\":[{\"@type\":\"ReadAction\",\"target\":[\"https:\/\/mercatfincamasroig.com\/citricos-europa-2\/\"]}]},{\"@type\":\"ImageObject\",\"inLanguage\":\"es\",\"@id\":\"https:\/\/mercatfincamasroig.com\/citricos-europa-2\/#primaryimage\",\"url\":\"https:\/\/mercatfincamasroig.com\/wp-content\/uploads\/2020\/03\/citrics-finca-mas-roig-limones-llimones-km0-ebres-terres-mandarines-clemenules-naranjas-km0-caixa.mixta-citrics.jpg\",\"contentUrl\":\"https:\/\/mercatfincamasroig.com\/wp-content\/uploads\/2020\/03\/citrics-finca-mas-roig-limones-llimones-km0-ebres-terres-mandarines-clemenules-naranjas-km0-caixa.mixta-citrics.jpg\",\"width\":1800,\"height\":1201,\"caption\":\"c\u00edtricos tranporte propio\"},{\"@type\":\"BreadcrumbList\",\"@id\":\"https:\/\/mercatfincamasroig.com\/citricos-europa-2\/#breadcrumb\",\"itemListElement\":[{\"@type\":\"ListItem\",\"position\":1,\"name\":\"Portada\",\"item\":\"https:\/\/mercatfincamasroig.com\/es\/\"},{\"@type\":\"ListItem\",\"position\":2,\"name\":\"Europa\"}]},{\"@type\":\"WebSite\",\"@id\":\"https:\/\/mercatfincamasroig.com\/#website\",\"url\":\"https:\/\/mercatfincamasroig.com\/\",\"name\":\"C\u00edtrics Finca Mas Roig\",\"description\":\"Botiga online de producte de mercat a casa de KM0 Terres de l\u2019Ebre\",\"publisher\":{\"@id\":\"https:\/\/mercatfincamasroig.com\/#organization\"},\"potentialAction\":[{\"@type\":\"SearchAction\",\"target\":{\"@type\":\"EntryPoint\",\"urlTemplate\":\"https:\/\/mercatfincamasroig.com\/?s={search_term_string}\"},\"query-input\":{\"@type\":\"PropertyValueSpecification\",\"valueRequired\":true,\"valueName\":\"search_term_string\"}}],\"inLanguage\":\"es\"},{\"@type\":\"Organization\",\"@id\":\"https:\/\/mercatfincamasroig.com\/#organization\",\"name\":\"C\u00edtrics Finca Mas Roig\",\"url\":\"https:\/\/mercatfincamasroig.com\/\",\"logo\":{\"@type\":\"ImageObject\",\"inLanguage\":\"es\",\"@id\":\"https:\/\/mercatfincamasroig.com\/#\/schema\/logo\/image\/\",\"url\":\"\",\"contentUrl\":\"\",\"caption\":\"C\u00edtrics Finca Mas Roig\"},\"image\":{\"@id\":\"https:\/\/mercatfincamasroig.com\/#\/schema\/logo\/image\/\"}}]}<\/script>\n<!-- \/ Yoast SEO plugin. -->","yoast_head_json":{"title":"Europa - Mercat Finca Mas Roig","description":"Tienda de c\u00edtricos de KM0 de las Terras del Ebre, venta en Europa. Nos dedicamos a la producci\u00f3n de c\u00edtricos y venta de productos frescos de mercado con fincas situadas en Camarles y Benifallet.","robots":{"index":"index","follow":"follow","max-snippet":"max-snippet:-1","max-image-preview":"max-image-preview:large","max-video-preview":"max-video-preview:-1"},"canonical":"https:\/\/mercatfincamasroig.com\/citricos-europa-2\/","og_locale":"es_ES","og_type":"article","og_title":"Europa - Mercat Finca Mas Roig","og_description":"Tienda de c\u00edtricos de KM0 de las Terras del Ebre, venta en Europa. Nos dedicamos a la producci\u00f3n de c\u00edtricos y venta de productos frescos de mercado con fincas situadas en Camarles y Benifallet.","og_url":"https:\/\/mercatfincamasroig.com\/citricos-europa-2\/","og_site_name":"Mercat Finca Mas Roig","article_modified_time":"2021-01-13T15:21:44+00:00","og_image":[{"width":1800,"height":1201,"url":"https:\/\/mercatfincamasroig.com\/wp-content\/uploads\/2020\/03\/citrics-finca-mas-roig-limones-llimones-km0-ebres-terres-mandarines-clemenules-naranjas-km0-caixa.mixta-citrics.jpg","type":"image\/jpeg"}],"twitter_card":"summary_large_image","twitter_misc":{"Tiempo de lectura":"10 minutos"},"schema":{"@context":"https:\/\/schema.org","@graph":[{"@type":"WebPage","@id":"https:\/\/mercatfincamasroig.com\/citricos-europa-2\/","url":"https:\/\/mercatfincamasroig.com\/citricos-europa-2\/","name":"Europa - Mercat Finca Mas Roig","isPartOf":{"@id":"https:\/\/mercatfincamasroig.com\/#website"},"primaryImageOfPage":{"@id":"https:\/\/mercatfincamasroig.com\/citricos-europa-2\/#primaryimage"},"image":{"@id":"https:\/\/mercatfincamasroig.com\/citricos-europa-2\/#primaryimage"},"thumbnailUrl":"https:\/\/mercatfincamasroig.com\/wp-content\/uploads\/2020\/03\/citrics-finca-mas-roig-limones-llimones-km0-ebres-terres-mandarines-clemenules-naranjas-km0-caixa.mixta-citrics.jpg","datePublished":"2020-12-21T17:19:47+00:00","dateModified":"2021-01-13T15:21:44+00:00","description":"Tienda de c\u00edtricos de KM0 de las Terras del Ebre, venta en Europa. Nos dedicamos a la producci\u00f3n de c\u00edtricos y venta de productos frescos de mercado con fincas situadas en Camarles y Benifallet.","breadcrumb":{"@id":"https:\/\/mercatfincamasroig.com\/citricos-europa-2\/#breadcrumb"},"inLanguage":"es","potentialAction":[{"@type":"ReadAction","target":["https:\/\/mercatfincamasroig.com\/citricos-europa-2\/"]}]},{"@type":"ImageObject","inLanguage":"es","@id":"https:\/\/mercatfincamasroig.com\/citricos-europa-2\/#primaryimage","url":"https:\/\/mercatfincamasroig.com\/wp-content\/uploads\/2020\/03\/citrics-finca-mas-roig-limones-llimones-km0-ebres-terres-mandarines-clemenules-naranjas-km0-caixa.mixta-citrics.jpg","contentUrl":"https:\/\/mercatfincamasroig.com\/wp-content\/uploads\/2020\/03\/citrics-finca-mas-roig-limones-llimones-km0-ebres-terres-mandarines-clemenules-naranjas-km0-caixa.mixta-citrics.jpg","width":1800,"height":1201,"caption":"c\u00edtricos tranporte propio"},{"@type":"BreadcrumbList","@id":"https:\/\/mercatfincamasroig.com\/citricos-europa-2\/#breadcrumb","itemListElement":[{"@type":"ListItem","position":1,"name":"Portada","item":"https:\/\/mercatfincamasroig.com\/es\/"},{"@type":"ListItem","position":2,"name":"Europa"}]},{"@type":"WebSite","@id":"https:\/\/mercatfincamasroig.com\/#website","url":"https:\/\/mercatfincamasroig.com\/","name":"C\u00edtrics Finca Mas Roig","description":"Botiga online de producte de mercat a casa de KM0 Terres de l\u2019Ebre","publisher":{"@id":"https:\/\/mercatfincamasroig.com\/#organization"},"potentialAction":[{"@type":"SearchAction","target":{"@type":"EntryPoint","urlTemplate":"https:\/\/mercatfincamasroig.com\/?s={search_term_string}"},"query-input":{"@type":"PropertyValueSpecification","valueRequired":true,"valueName":"search_term_string"}}],"inLanguage":"es"},{"@type":"Organization","@id":"https:\/\/mercatfincamasroig.com\/#organization","name":"C\u00edtrics Finca Mas Roig","url":"https:\/\/mercatfincamasroig.com\/","logo":{"@type":"ImageObject","inLanguage":"es","@id":"https:\/\/mercatfincamasroig.com\/#\/schema\/logo\/image\/","url":"","contentUrl":"","caption":"C\u00edtrics Finca Mas Roig"},"image":{"@id":"https:\/\/mercatfincamasroig.com\/#\/schema\/logo\/image\/"}}]}},"_links":{"self":[{"href":"https:\/\/mercatfincamasroig.com\/es\/wp-json\/wp\/v2\/pages\/24887","targetHints":{"allow":["GET"]}}],"collection":[{"href":"https:\/\/mercatfincamasroig.com\/es\/wp-json\/wp\/v2\/pages"}],"about":[{"href":"https:\/\/mercatfincamasroig.com\/es\/wp-json\/wp\/v2\/types\/page"}],"author":[{"embeddable":true,"href":"https:\/\/mercatfincamasroig.com\/es\/wp-json\/wp\/v2\/users\/1"}],"replies":[{"embeddable":true,"href":"https:\/\/mercatfincamasroig.com\/es\/wp-json\/wp\/v2\/comments?post=24887"}],"version-history":[{"count":0,"href":"https:\/\/mercatfincamasroig.com\/es\/wp-json\/wp\/v2\/pages\/24887\/revisions"}],"wp:featuredmedia":[{"embeddable":true,"href":"https:\/\/mercatfincamasroig.com\/es\/wp-json\/wp\/v2\/media\/15333"}],"wp:attachment":[{"href":"https:\/\/mercatfincamasroig.com\/es\/wp-json\/wp\/v2\/media?parent=24887"}],"curies":[{"name":"wp","href":"https:\/\/api.w.org\/{rel}","templated":true}]}}