{"id":20113,"date":"2020-08-18T18:17:38","date_gmt":"2020-08-18T16:17:38","guid":{"rendered":"https:\/\/mercatfincamasroig.com\/collaboradors\/"},"modified":"2020-09-01T13:55:55","modified_gmt":"2020-09-01T11:55:55","slug":"colaboradores","status":"publish","type":"page","link":"https:\/\/mercatfincamasroig.com\/es\/colaboradores\/","title":{"rendered":"Colaboradores"},"content":{"rendered":"[vc_row type=\u00bbfull_width_background\u00bb full_screen_row_position=\u00bbmiddle\u00bb scene_position=\u00bbcenter\u00bb text_color=\u00bblight\u00bb text_align=\u00bbleft\u00bb top_padding=\u00bb3%\u00bb bottom_padding=\u00bb3%\u00bb enable_gradient=\u00bbtrue\u00bb color_overlay=\u00bb#ffa500&#8243; color_overlay_2=\u00bb#ffffff\u00bb gradient_direction=\u00bbtop_to_bottom\u00bb overlay_strength=\u00bb0.95&#8243; shape_divider_position=\u00bbbottom\u00bb bg_image_animation=\u00bbnone\u00bb parallax_bg=\u00bbtrue\u00bb parallax_bg_speed=\u00bbfast\u00bb shape_type=\u00bb\u00bb][vc_column column_padding=\u00bbno-extra-padding\u00bb column_padding_position=\u00bball\u00bb background_color_opacity=\u00bb1&#8243; background_hover_color_opacity=\u00bb1&#8243; column_link_target=\u00bb_self\u00bb column_shadow=\u00bbnone\u00bb column_border_radius=\u00bbnone\u00bb width=\u00bb1\/1&#8243; tablet_width_inherit=\u00bbdefault\u00bb tablet_text_alignment=\u00bbdefault\u00bb phone_text_alignment=\u00bbdefault\u00bb column_border_width=\u00bbnone\u00bb column_border_style=\u00bbsolid\u00bb bg_image_animation=\u00bbnone\u00bb][vc_row_inner equal_height=\u00bbyes\u00bb content_placement=\u00bbmiddle\u00bb column_margin=\u00bbdefault\u00bb text_align=\u00bbleft\u00bb][vc_column_inner column_padding=\u00bbno-extra-padding\u00bb column_padding_position=\u00bball\u00bb background_color_opacity=\u00bb1&#8243; background_hover_color_opacity=\u00bb1&#8243; column_shadow=\u00bbnone\u00bb column_border_radius=\u00bbnone\u00bb column_link_target=\u00bb_self\u00bb width=\u00bb1\/2&#8243; tablet_width_inherit=\u00bbdefault\u00bb column_border_width=\u00bbnone\u00bb column_border_style=\u00bbsolid\u00bb bg_image_animation=\u00bbnone\u00bb][nectar_cascading_images image_1_url=\u00bb19856&#8243; image_1_offset_x_sign=\u00bb+\u00bb image_1_offset_x=\u00bb30%\u00bb image_1_offset_y_sign=\u00bb-\u00bb image_1_offset_y=\u00bb15%\u00bb image_1_rotate_sign=\u00bb+\u00bb image_1_rotate=\u00bbnone\u00bb image_1_animation=\u00bbGrow In\u00bb image_1_box_shadow=\u00bbnone\u00bb image_2_offset_x_sign=\u00bb+\u00bb image_2_offset_x=\u00bb50%\u00bb image_2_offset_y_sign=\u00bb+\u00bb image_2_offset_y=\u00bb35%\u00bb image_2_rotate_sign=\u00bb+\u00bb image_2_rotate=\u00bbnone\u00bb image_2_animation=\u00bbGrow In\u00bb image_2_box_shadow=\u00bbnone\u00bb image_3_url=\u00bb19853&#8243; image_3_offset_x_sign=\u00bb-\u00bb image_3_offset_x=\u00bb35%\u00bb image_3_offset_y_sign=\u00bb+\u00bb image_3_offset_y=\u00bb25%\u00bb image_3_rotate_sign=\u00bb+\u00bb image_3_rotate=\u00bbnone\u00bb image_3_animation=\u00bbGrow In\u00bb image_3_box_shadow=\u00bbx_large_depth\u00bb image_4_offset_x_sign=\u00bb+\u00bb image_4_offset_x=\u00bb35%\u00bb image_4_offset_y_sign=\u00bb+\u00bb image_4_offset_y=\u00bb10%\u00bb image_4_rotate_sign=\u00bb+\u00bb image_4_rotate=\u00bbnone\u00bb image_4_animation=\u00bbFade In\u00bb image_4_box_shadow=\u00bbnone\u00bb border_radius=\u00bbnone\u00bb][\/vc_column_inner][vc_column_inner column_padding=\u00bbno-extra-padding\u00bb column_padding_position=\u00bball\u00bb background_color_opacity=\u00bb1&#8243; background_hover_color_opacity=\u00bb1&#8243; column_shadow=\u00bbnone\u00bb column_border_radius=\u00bbnone\u00bb column_link_target=\u00bb_self\u00bb width=\u00bb1\/2&#8243; tablet_width_inherit=\u00bbdefault\u00bb column_border_width=\u00bbnone\u00bb column_border_style=\u00bbsolid\u00bb bg_image_animation=\u00bbnone\u00bb][vc_custom_heading text=\u00bbCOLABORADORES\u00bb font_container=\u00bbtag:h5|text_align:left|color:%23ffffff\u00bb use_theme_fonts=\u00bbyes\u00bb css_animation=\u00bbfadeInUp\u00bb][split_line_heading]\n<h2><span style=\"font-size: 50px;\">Mercado de<\/span><\/h2>\n<h2><span style=\"font-size: 50px;\">productores locales<\/span><\/h2>\n[\/split_line_heading][divider line_type=\u00bbSmall Line\u00bb line_alignment=\u00bbdefault\u00bb line_thickness=\u00bb2&#8243; divider_color=\u00bbextra-color-1&#8243; animate=\u00bbyes\u00bb][vc_column_text]<span style=\"color: #ffffff; font-size: 16px;\"><strong>Somos una familia que inicialmente nos dedic\u00e1bamos \u00fanicamente a la producci\u00f3n y venta on line de c\u00edtricos, sand\u00edas y hortalizas de las Terres del Ebro. <\/strong><\/span><br \/>\n<span style=\"color: #ffffff; font-size: 16px;\"><strong>Actualmente, nos hemos agrupado con productores locales para hacer llegar a tu casa toda clase de productos agroalimentarios de primera necesidad.<\/strong><\/span><br \/>\n<span style=\"color: #ffffff; font-size: 16px;\"><strong>Colaboramos con agricultores, pescadores, artesanos y productores locales para que nos aporten sus productos de la manera m\u00e1s fresca y cuidada posible con la agilidad y trato que recibir\u00eda el producto a un mercado municipal.<\/strong><\/span>[\/vc_column_text][nectar_btn size=\u00bbjumbo\u00bb button_style=\u00bbregular\u00bb button_color_2=\u00bbExtra-Color-1&#8243; color_override=\u00bb#2a8b35&#8243; icon_family=\u00bbnone\u00bb url=\u00bbhttps:\/\/mercatfincamasroig.com\/es\/colaboradores\/#colaboradores\u00bb text=\u00bbColaboradores\u00bb margin_top=\u00bb25&#8243; css_animation=\u00bbfadeInUp\u00bb][\/vc_column_inner][\/vc_row_inner][\/vc_column][\/vc_row][vc_row type=\u00bbfull_width_content\u00bb full_screen_row_position=\u00bbmiddle\u00bb equal_height=\u00bbyes\u00bb content_placement=\u00bbmiddle\u00bb bg_color=\u00bb#ffffff\u00bb scene_position=\u00bbcenter\u00bb text_color=\u00bbdark\u00bb text_align=\u00bbleft\u00bb id=\u00bbcol\u00b7laboradors\u00bb enable_gradient=\u00bbtrue\u00bb color_overlay=\u00bb#f2efeb\u00bb color_overlay_2=\u00bb#ffffff\u00bb gradient_direction=\u00bbtop_to_bottom\u00bb overlay_strength=\u00bb1&#8243; shape_divider_position=\u00bbbottom\u00bb bg_image_animation=\u00bbnone\u00bb shape_type=\u00bb\u00bb][vc_column column_padding=\u00bbpadding-10-percent\u00bb column_padding_position=\u00bball\u00bb background_color=\u00bb#ffffff\u00bb background_color_opacity=\u00bb1&#8243; background_hover_color_opacity=\u00bb1&#8243; column_link_target=\u00bb_self\u00bb column_shadow=\u00bbnone\u00bb column_border_radius=\u00bbnone\u00bb width=\u00bb1\/2&#8243; tablet_width_inherit=\u00bbdefault\u00bb tablet_text_alignment=\u00bbdefault\u00bb phone_text_alignment=\u00bbdefault\u00bb column_border_width=\u00bbnone\u00bb column_border_style=\u00bbsolid\u00bb bg_image_animation=\u00bbnone\u00bb][vc_row_inner column_margin=\u00bbdefault\u00bb text_align=\u00bbleft\u00bb][vc_column_inner column_padding=\u00bbno-extra-padding\u00bb column_padding_position=\u00bball\u00bb centered_text=\u00bbtrue\u00bb background_color_opacity=\u00bb1&#8243; background_hover_color_opacity=\u00bb1&#8243; column_shadow=\u00bbnone\u00bb column_border_radius=\u00bbnone\u00bb column_link_target=\u00bb_self\u00bb width=\u00bb1\/1&#8243; tablet_width_inherit=\u00bbdefault\u00bb column_border_width=\u00bbnone\u00bb column_border_style=\u00bbsolid\u00bb bg_image_animation=\u00bbnone\u00bb enable_animation=\u00bbtrue\u00bb animation=\u00bbfade-in-from-bottom\u00bb][vc_custom_heading text=\u00bbC\u00edtrics Finca Mas Roig\u00bb font_container=\u00bbtag:h2|text_align:center\u00bb use_theme_fonts=\u00bbyes\u00bb css=\u00bb.vc_custom_1597759589665{margin-bottom: 10px !important;}\u00bb][vc_text_separator title=\u00bbC\u00edtricos, sand\u00edas y hortalizas\u00bb color=\u00bbcustom\u00bb border_width=\u00bb2&#8243; el_width=\u00bb80&#8243; accent_color=\u00bb#227a36&#8243;][vc_custom_heading text=\u00bbSomos productores de c\u00edtricos de las Tierras del Ebro con fincas situadas en Camarles y Benifallet. Nos dedicamos a producir, mandarinas, limones y naranjas durante los meses de septiembre hasta junio.\u00bb font_container=\u00bbtag:p|text_align:center|color:rgba(10%2C10%2C10%2C0.6)\u00bb use_theme_fonts=\u00bbyes\u00bb][nectar_btn size=\u00bbjumbo\u00bb button_style=\u00bbsee-through-2&#8243; color_override=\u00bb#2a8b35&#8243; hover_text_color_override=\u00bb#ffffff\u00bb icon_family=\u00bbnone\u00bb url=\u00bbwww.mercatfincamasroig.com\u00bb text=\u00bbC\u00edtrics Finca Mas Roig\u00bb][\/vc_column_inner][\/vc_row_inner][\/vc_column][vc_column column_padding=\u00bbno-extra-padding\u00bb column_padding_position=\u00bball\u00bb background_color_opacity=\u00bb1&#8243; background_hover_color_opacity=\u00bb1&#8243; background_image=\u00bb15333&#8243; enable_bg_scale=\u00bbtrue\u00bb column_link_target=\u00bb_self\u00bb column_shadow=\u00bbnone\u00bb column_border_radius=\u00bbnone\u00bb width=\u00bb1\/2&#8243; tablet_width_inherit=\u00bbdefault\u00bb tablet_text_alignment=\u00bbdefault\u00bb phone_text_alignment=\u00bbdefault\u00bb column_border_width=\u00bbnone\u00bb column_border_style=\u00bbsolid\u00bb bg_image_animation=\u00bbnone\u00bb][\/vc_column][\/vc_row][vc_row type=\u00bbfull_width_content\u00bb full_screen_row_position=\u00bbmiddle\u00bb equal_height=\u00bbyes\u00bb content_placement=\u00bbmiddle\u00bb scene_position=\u00bbcenter\u00bb text_color=\u00bbdark\u00bb text_align=\u00bbleft\u00bb overlay_strength=\u00bb0.3&#8243; shape_divider_position=\u00bbbottom\u00bb bg_image_animation=\u00bbnone\u00bb][vc_column column_padding=\u00bbno-extra-padding\u00bb column_padding_position=\u00bball\u00bb background_color_opacity=\u00bb1&#8243; background_hover_color_opacity=\u00bb1&#8243; background_image=\u00bb18433&#8243; enable_bg_scale=\u00bbtrue\u00bb column_link_target=\u00bb_self\u00bb column_shadow=\u00bbnone\u00bb column_border_radius=\u00bbnone\u00bb width=\u00bb1\/2&#8243; tablet_width_inherit=\u00bbdefault\u00bb tablet_text_alignment=\u00bbdefault\u00bb phone_text_alignment=\u00bbdefault\u00bb column_border_width=\u00bbnone\u00bb column_border_style=\u00bbsolid\u00bb bg_image_animation=\u00bbnone\u00bb][\/vc_column][vc_column column_padding=\u00bbpadding-10-percent\u00bb column_padding_position=\u00bball\u00bb background_color_opacity=\u00bb1&#8243; background_hover_color_opacity=\u00bb1&#8243; column_link_target=\u00bb_self\u00bb column_shadow=\u00bbnone\u00bb column_border_radius=\u00bbnone\u00bb width=\u00bb1\/2&#8243; tablet_width_inherit=\u00bbdefault\u00bb tablet_text_alignment=\u00bbdefault\u00bb phone_text_alignment=\u00bbdefault\u00bb column_border_width=\u00bbnone\u00bb column_border_style=\u00bbsolid\u00bb bg_image_animation=\u00bbnone\u00bb][vc_row_inner column_margin=\u00bbdefault\u00bb text_align=\u00bbleft\u00bb][vc_column_inner column_padding=\u00bbno-extra-padding\u00bb column_padding_position=\u00bball\u00bb centered_text=\u00bbtrue\u00bb background_color_opacity=\u00bb1&#8243; background_hover_color_opacity=\u00bb1&#8243; column_shadow=\u00bbnone\u00bb column_border_radius=\u00bbnone\u00bb column_link_target=\u00bb_self\u00bb width=\u00bb1\/1&#8243; tablet_width_inherit=\u00bbdefault\u00bb column_border_width=\u00bbnone\u00bb column_border_style=\u00bbsolid\u00bb bg_image_animation=\u00bbnone\u00bb enable_animation=\u00bbtrue\u00bb animation=\u00bbfade-in-from-bottom\u00bb][vc_custom_heading text=\u00bbHorta D\u2019En Carme\u00bb font_container=\u00bbtag:h2|text_align:center\u00bb use_theme_fonts=\u00bbyes\u00bb css=\u00bb.vc_custom_1597759887368{margin-bottom: 10px !important;}\u00bb][vc_text_separator title=\u00bbFruta y verdura ecol\u00f3gica\u00bb color=\u00bbcustom\u00bb border_width=\u00bb2&#8243; el_width=\u00bb80&#8243; accent_color=\u00bb#227a36&#8243;][vc_custom_heading text=\u00bbL\u2019Horta de Carme es una peque\u00f1a empresa familiar formada inicialmente por Carmen, Agust\u00ed (su marido) y Baltasar (su cu\u00f1ado) y que nace a ra\u00edz de la preocupaci\u00f3n por la contaminaci\u00f3n de las tierras originada por la agricultura convencional. Despu\u00e9s de varias reflexiones, optamos por cultivar productos ecol\u00f3gicos, que fueran respetuosos con el medio y con las personas.\u00bb font_container=\u00bbtag:p|text_align:center|color:rgba(10%2C10%2C10%2C0.6)\u00bb use_theme_fonts=\u00bbyes\u00bb][nectar_btn size=\u00bbjumbo\u00bb open_new_tab=\u00bbtrue\u00bb button_style=\u00bbsee-through-2&#8243; color_override=\u00bb#2a8b35&#8243; hover_text_color_override=\u00bb#ffffff\u00bb icon_family=\u00bbnone\u00bb url=\u00bbhttp:\/\/www.lhortadecarme.cat\/\u00bb text=\u00bbHorta D\u2019En Carme\u00bb][\/vc_column_inner][\/vc_row_inner][\/vc_column][\/vc_row][vc_row type=\u00bbfull_width_content\u00bb full_screen_row_position=\u00bbmiddle\u00bb equal_height=\u00bbyes\u00bb content_placement=\u00bbmiddle\u00bb bg_color=\u00bb#ffffff\u00bb scene_position=\u00bbcenter\u00bb text_color=\u00bbdark\u00bb text_align=\u00bbleft\u00bb overlay_strength=\u00bb0.3&#8243; shape_divider_position=\u00bbbottom\u00bb bg_image_animation=\u00bbnone\u00bb][vc_column column_padding=\u00bbpadding-10-percent\u00bb column_padding_position=\u00bball\u00bb background_color=\u00bb#ffffff\u00bb background_color_opacity=\u00bb1&#8243; background_hover_color_opacity=\u00bb1&#8243; column_link_target=\u00bb_self\u00bb column_shadow=\u00bbnone\u00bb column_border_radius=\u00bbnone\u00bb width=\u00bb1\/2&#8243; tablet_width_inherit=\u00bbdefault\u00bb tablet_text_alignment=\u00bbdefault\u00bb phone_text_alignment=\u00bbdefault\u00bb column_border_width=\u00bbnone\u00bb column_border_style=\u00bbsolid\u00bb bg_image_animation=\u00bbnone\u00bb][vc_row_inner column_margin=\u00bbdefault\u00bb text_align=\u00bbleft\u00bb][vc_column_inner column_padding=\u00bbno-extra-padding\u00bb column_padding_position=\u00bball\u00bb centered_text=\u00bbtrue\u00bb background_color_opacity=\u00bb1&#8243; background_hover_color_opacity=\u00bb1&#8243; column_shadow=\u00bbnone\u00bb column_border_radius=\u00bbnone\u00bb column_link_target=\u00bb_self\u00bb width=\u00bb1\/1&#8243; tablet_width_inherit=\u00bbdefault\u00bb column_border_width=\u00bbnone\u00bb column_border_style=\u00bbsolid\u00bb bg_image_animation=\u00bbnone\u00bb enable_animation=\u00bbtrue\u00bb animation=\u00bbfade-in-from-bottom\u00bb][vc_custom_heading text=\u00bbForn Carlos Ripoll\u00e9s\u00bb font_container=\u00bbtag:h2|text_align:center\u00bb use_theme_fonts=\u00bbyes\u00bb css=\u00bb.vc_custom_1597760120306{margin-bottom: 10px !important;}\u00bb][vc_text_separator title=\u00bbPan, pastas y pizzas\u00bb color=\u00bbcustom\u00bb border_width=\u00bb2&#8243; el_width=\u00bb80&#8243; accent_color=\u00bb#227a36&#8243;][vc_custom_heading text=\u00bbEl horno nace en 1925 en Jes\u00fas (Tortosa) a manos del mismo maestro Carlos Ripoll\u00e9s. Desde sus or\u00edgenes, la empresa siempre ha apostado por los productos t\u00edpicos de las Terres del Ebro, siguiendo sus recetas tradicionales. Por esto, queremos continuar distribuyendo nuestra cocina de siempre a los ebrenses y darla a conocer y fomentarla a los reci\u00e9n llegados.\u00bb font_container=\u00bbtag:p|text_align:center|color:rgba(10%2C10%2C10%2C0.6)\u00bb use_theme_fonts=\u00bbyes\u00bb][nectar_btn size=\u00bbjumbo\u00bb open_new_tab=\u00bbtrue\u00bb button_style=\u00bbsee-through-2&#8243; color_override=\u00bb#2a8b35&#8243; hover_text_color_override=\u00bb#ffffff\u00bb icon_family=\u00bbnone\u00bb url=\u00bbhttps:\/\/www.forncarlosripolles.com\/\u00bb text=\u00bbForn Carlos Ripoll\u00e9s\u00bb][\/vc_column_inner][\/vc_row_inner][\/vc_column][vc_column column_padding=\u00bbno-extra-padding\u00bb column_padding_position=\u00bball\u00bb background_color_opacity=\u00bb1&#8243; background_hover_color_opacity=\u00bb1&#8243; background_image=\u00bb18417&#8243; enable_bg_scale=\u00bbtrue\u00bb column_link_target=\u00bb_self\u00bb column_shadow=\u00bbnone\u00bb column_border_radius=\u00bbnone\u00bb width=\u00bb1\/2&#8243; tablet_width_inherit=\u00bbdefault\u00bb tablet_text_alignment=\u00bbdefault\u00bb phone_text_alignment=\u00bbdefault\u00bb column_border_width=\u00bbnone\u00bb column_border_style=\u00bbsolid\u00bb bg_image_animation=\u00bbnone\u00bb][\/vc_column][\/vc_row][vc_row type=\u00bbfull_width_content\u00bb full_screen_row_position=\u00bbmiddle\u00bb equal_height=\u00bbyes\u00bb content_placement=\u00bbmiddle\u00bb scene_position=\u00bbcenter\u00bb text_color=\u00bbdark\u00bb text_align=\u00bbleft\u00bb overlay_strength=\u00bb0.3&#8243; shape_divider_position=\u00bbbottom\u00bb bg_image_animation=\u00bbnone\u00bb][vc_column column_padding=\u00bbno-extra-padding\u00bb column_padding_position=\u00bball\u00bb background_color_opacity=\u00bb1&#8243; background_hover_color_opacity=\u00bb1&#8243; background_image=\u00bb19745&#8243; enable_bg_scale=\u00bbtrue\u00bb column_link_target=\u00bb_self\u00bb column_shadow=\u00bbnone\u00bb column_border_radius=\u00bbnone\u00bb width=\u00bb1\/2&#8243; tablet_width_inherit=\u00bbdefault\u00bb tablet_text_alignment=\u00bbdefault\u00bb phone_text_alignment=\u00bbdefault\u00bb column_border_width=\u00bbnone\u00bb column_border_style=\u00bbsolid\u00bb bg_image_animation=\u00bbnone\u00bb][\/vc_column][vc_column column_padding=\u00bbpadding-10-percent\u00bb column_padding_position=\u00bball\u00bb background_color_opacity=\u00bb1&#8243; background_hover_color_opacity=\u00bb1&#8243; column_link_target=\u00bb_self\u00bb column_shadow=\u00bbnone\u00bb column_border_radius=\u00bbnone\u00bb width=\u00bb1\/2&#8243; tablet_width_inherit=\u00bbdefault\u00bb tablet_text_alignment=\u00bbdefault\u00bb phone_text_alignment=\u00bbdefault\u00bb column_border_width=\u00bbnone\u00bb column_border_style=\u00bbsolid\u00bb bg_image_animation=\u00bbnone\u00bb][vc_row_inner column_margin=\u00bbdefault\u00bb text_align=\u00bbleft\u00bb][vc_column_inner column_padding=\u00bbno-extra-padding\u00bb column_padding_position=\u00bball\u00bb centered_text=\u00bbtrue\u00bb background_color_opacity=\u00bb1&#8243; background_hover_color_opacity=\u00bb1&#8243; column_shadow=\u00bbnone\u00bb column_border_radius=\u00bbnone\u00bb column_link_target=\u00bb_self\u00bb width=\u00bb1\/1&#8243; tablet_width_inherit=\u00bbdefault\u00bb column_border_width=\u00bbnone\u00bb column_border_style=\u00bbsolid\u00bb bg_image_animation=\u00bbnone\u00bb enable_animation=\u00bbtrue\u00bb animation=\u00bbfade-in-from-bottom\u00bb][vc_custom_heading text=\u00bbOus Roig\u00bb font_container=\u00bbtag:h2|text_align:center\u00bb use_theme_fonts=\u00bbyes\u00bb css=\u00bb.vc_custom_1597760247473{margin-bottom: 10px !important;}\u00bb][vc_text_separator title=\u00bbHuevos ecol\u00f3gicos\u00bb color=\u00bbcustom\u00bb border_width=\u00bb2&#8243; el_width=\u00bb50&#8243; accent_color=\u00bb#227a36&#8243;][vc_custom_heading text=\u00bbOus Roig ha sido pionera en muchos momentos de la evoluci\u00f3n en el sector de la avicultura en Espa\u00f1a. Hemos producido huevos con Omega 3, hemos sido pioneros en la implantaci\u00f3n de sistemas de cr\u00eda sin jaulas y hemos aplicado un programa de desarrollo rural sostenible.\u00bb font_container=\u00bbtag:p|text_align:center|color:rgba(10%2C10%2C10%2C0.6)\u00bb use_theme_fonts=\u00bbyes\u00bb][nectar_btn size=\u00bbjumbo\u00bb open_new_tab=\u00bbtrue\u00bb button_style=\u00bbsee-through-2&#8243; color_override=\u00bb#2a8b35&#8243; hover_text_color_override=\u00bb#ffffff\u00bb icon_family=\u00bbnone\u00bb url=\u00bbwww.ousroig.com\u00bb text=\u00bbOus Roig\u00bb][\/vc_column_inner][\/vc_row_inner][\/vc_column][\/vc_row][vc_row type=\u00bbfull_width_content\u00bb full_screen_row_position=\u00bbmiddle\u00bb equal_height=\u00bbyes\u00bb content_placement=\u00bbmiddle\u00bb bg_color=\u00bb#ffffff\u00bb scene_position=\u00bbcenter\u00bb text_color=\u00bbdark\u00bb text_align=\u00bbleft\u00bb overlay_strength=\u00bb0.3&#8243; shape_divider_position=\u00bbbottom\u00bb bg_image_animation=\u00bbnone\u00bb][vc_column column_padding=\u00bbpadding-10-percent\u00bb column_padding_position=\u00bball\u00bb background_color=\u00bb#ffffff\u00bb background_color_opacity=\u00bb1&#8243; background_hover_color_opacity=\u00bb1&#8243; column_link_target=\u00bb_self\u00bb column_shadow=\u00bbnone\u00bb column_border_radius=\u00bbnone\u00bb width=\u00bb1\/2&#8243; tablet_width_inherit=\u00bbdefault\u00bb tablet_text_alignment=\u00bbdefault\u00bb phone_text_alignment=\u00bbdefault\u00bb column_border_width=\u00bbnone\u00bb column_border_style=\u00bbsolid\u00bb bg_image_animation=\u00bbnone\u00bb][vc_row_inner column_margin=\u00bbdefault\u00bb text_align=\u00bbleft\u00bb][vc_column_inner column_padding=\u00bbno-extra-padding\u00bb column_padding_position=\u00bball\u00bb centered_text=\u00bbtrue\u00bb background_color_opacity=\u00bb1&#8243; background_hover_color_opacity=\u00bb1&#8243; column_shadow=\u00bbnone\u00bb column_border_radius=\u00bbnone\u00bb column_link_target=\u00bb_self\u00bb width=\u00bb1\/1&#8243; tablet_width_inherit=\u00bbdefault\u00bb column_border_width=\u00bbnone\u00bb column_border_style=\u00bbsolid\u00bb bg_image_animation=\u00bbnone\u00bb enable_animation=\u00bbtrue\u00bb animation=\u00bbfade-in-from-bottom\u00bb][vc_custom_heading text=\u00bbSegadors del Delta\u00bb font_container=\u00bbtag:h2|text_align:center\u00bb use_theme_fonts=\u00bbyes\u00bb css=\u00bb.vc_custom_1597760491712{margin-bottom: 10px !important;}\u00bb][vc_text_separator title=\u00bbArroz y licores de arroz\u00bb color=\u00bbcustom\u00bb border_width=\u00bb2&#8243; el_width=\u00bb80&#8243; accent_color=\u00bb#227a36&#8243;][vc_custom_heading text=\u00bbFruto de m\u00e1s de 150 a\u00f1os de tradici\u00f3n y de los mejores arroces cultivados por m\u00e1s de 5 generaciones de arroceros en el Parque Natural del Delta del Ebro, nace Segadors del Delta.\u00bb font_container=\u00bbtag:p|text_align:center|color:rgba(10%2C10%2C10%2C0.6)\u00bb use_theme_fonts=\u00bbyes\u00bb][nectar_btn size=\u00bbjumbo\u00bb open_new_tab=\u00bbtrue\u00bb button_style=\u00bbsee-through-2&#8243; color_override=\u00bb#2a8b35&#8243; hover_text_color_override=\u00bb#ffffff\u00bb icon_family=\u00bbnone\u00bb url=\u00bbwww.segadorsdeldelta.com\u00bb text=\u00bbSegadors del Delta\u00bb][\/vc_column_inner][\/vc_row_inner][\/vc_column][vc_column column_padding=\u00bbno-extra-padding\u00bb column_padding_position=\u00bball\u00bb background_color_opacity=\u00bb1&#8243; background_hover_color_opacity=\u00bb1&#8243; background_image=\u00bb19748&#8243; enable_bg_scale=\u00bbtrue\u00bb column_link_target=\u00bb_self\u00bb column_shadow=\u00bbnone\u00bb column_border_radius=\u00bbnone\u00bb width=\u00bb1\/2&#8243; tablet_width_inherit=\u00bbdefault\u00bb tablet_text_alignment=\u00bbdefault\u00bb phone_text_alignment=\u00bbdefault\u00bb column_border_width=\u00bbnone\u00bb column_border_style=\u00bbsolid\u00bb bg_image_animation=\u00bbnone\u00bb][\/vc_column][\/vc_row][vc_row type=\u00bbfull_width_content\u00bb full_screen_row_position=\u00bbmiddle\u00bb equal_height=\u00bbyes\u00bb content_placement=\u00bbmiddle\u00bb scene_position=\u00bbcenter\u00bb text_color=\u00bbdark\u00bb text_align=\u00bbleft\u00bb overlay_strength=\u00bb0.3&#8243; shape_divider_position=\u00bbbottom\u00bb bg_image_animation=\u00bbnone\u00bb shape_type=\u00bb\u00bb][vc_column column_padding=\u00bbpadding-10-percent\u00bb column_padding_position=\u00bball\u00bb background_color_opacity=\u00bb1&#8243; background_hover_color_opacity=\u00bb1&#8243; column_link_target=\u00bb_self\u00bb column_shadow=\u00bbnone\u00bb column_border_radius=\u00bbnone\u00bb width=\u00bb1\/1&#8243; tablet_width_inherit=\u00bbdefault\u00bb tablet_text_alignment=\u00bbdefault\u00bb phone_text_alignment=\u00bbdefault\u00bb column_border_width=\u00bbnone\u00bb column_border_style=\u00bbsolid\u00bb bg_image_animation=\u00bbnone\u00bb][vc_row_inner column_margin=\u00bbdefault\u00bb text_align=\u00bbleft\u00bb][vc_column_inner column_padding=\u00bbno-extra-padding\u00bb column_padding_position=\u00bball\u00bb centered_text=\u00bbtrue\u00bb background_color_opacity=\u00bb1&#8243; background_hover_color_opacity=\u00bb1&#8243; column_shadow=\u00bbnone\u00bb column_border_radius=\u00bbnone\u00bb column_link_target=\u00bb_self\u00bb width=\u00bb1\/1&#8243; tablet_width_inherit=\u00bbdefault\u00bb column_border_width=\u00bbnone\u00bb column_border_style=\u00bbsolid\u00bb bg_image_animation=\u00bbnone\u00bb enable_animation=\u00bbtrue\u00bb animation=\u00bbfade-in-from-bottom\u00bb][vc_custom_heading text=\u00bbLlotja de Pescadors de Sant Carles de la R\u00e0pita\u00bb font_container=\u00bbtag:h2|text_align:center\u00bb use_theme_fonts=\u00bbyes\u00bb css=\u00bb.vc_custom_1597761329115{margin-bottom: 10px !important;}\u00bb][vc_text_separator title=\u00bbPescado y Marisco\u00bb color=\u00bbcustom\u00bb border_width=\u00bb2&#8243; el_width=\u00bb30&#8243; accent_color=\u00bb#227a36&#8243;][vc_custom_heading text=\u00bbLa lonja de pescado est\u00e1 situada en el puerto pesquero de San Carlos de la R\u00e1pita y fue fundada por la Cofrad\u00eda de Pescadores Virgen del Carmen en 1919. Hoy en d\u00eda es un edificio moderno construido en las inmediaciones del puerto pesquero, donde se puede disfrutar de la llegada de barcas y marineros cargados de pescado a punto de hacer la subasta. Hasta hace poco la subasta se realizaba al estilo tradicional, en medio de un c\u00edrculo de pescado rodeado por la gente, aunque se pod\u00eda escuchar el canto de los precios, parados por el grito de un comprador.<br \/>\nEn 2003 se moderniz\u00f3 todo el proceso de subasta y expedici\u00f3n, instalando en ella una nueva lonja de sistema electr\u00f3nico. Actualmente sirve los m\u00e1ximos de calidad y rapidez, entre 25 y 30 toneladas de pescado a diario. La cofrad\u00eda cuenta con una flota pesquera de 60 barcas de arrastre y 48 embarcaciones de artes menores y con 20 muelles de carga.<br \/>\nLa hora de llegada de las barcas es a partir de las 15.30 de lunes a viernes.\u00bb font_container=\u00bbtag:p|text_align:center|color:rgba(10%2C10%2C10%2C0.6)\u00bb use_theme_fonts=\u00bbyes\u00bb][\/vc_column_inner][\/vc_row_inner][\/vc_column][\/vc_row][vc_row type=\u00bbfull_width_content\u00bb full_screen_row_position=\u00bbmiddle\u00bb equal_height=\u00bbyes\u00bb content_placement=\u00bbmiddle\u00bb bg_color=\u00bb#ffffff\u00bb scene_position=\u00bbcenter\u00bb text_color=\u00bbdark\u00bb text_align=\u00bbleft\u00bb overlay_strength=\u00bb0.3&#8243; shape_divider_position=\u00bbbottom\u00bb bg_image_animation=\u00bbnone\u00bb][vc_column column_padding=\u00bbpadding-10-percent\u00bb column_padding_position=\u00bball\u00bb background_color=\u00bb#ffffff\u00bb background_color_opacity=\u00bb1&#8243; background_hover_color_opacity=\u00bb1&#8243; column_link_target=\u00bb_self\u00bb column_shadow=\u00bbnone\u00bb column_border_radius=\u00bbnone\u00bb width=\u00bb1\/2&#8243; tablet_width_inherit=\u00bbdefault\u00bb tablet_text_alignment=\u00bbdefault\u00bb phone_text_alignment=\u00bbdefault\u00bb column_border_width=\u00bbnone\u00bb column_border_style=\u00bbsolid\u00bb bg_image_animation=\u00bbnone\u00bb][vc_row_inner column_margin=\u00bbdefault\u00bb text_align=\u00bbleft\u00bb][vc_column_inner column_padding=\u00bbno-extra-padding\u00bb column_padding_position=\u00bball\u00bb centered_text=\u00bbtrue\u00bb background_color_opacity=\u00bb1&#8243; background_hover_color_opacity=\u00bb1&#8243; column_shadow=\u00bbnone\u00bb column_border_radius=\u00bbnone\u00bb column_link_target=\u00bb_self\u00bb width=\u00bb1\/1&#8243; tablet_width_inherit=\u00bbdefault\u00bb column_border_width=\u00bbnone\u00bb column_border_style=\u00bbsolid\u00bb bg_image_animation=\u00bbnone\u00bb enable_animation=\u00bbtrue\u00bb animation=\u00bbfade-in-from-bottom\u00bb][vc_custom_heading text=\u00bbPeixos Claudio\u00bb font_container=\u00bbtag:h2|text_align:center\u00bb use_theme_fonts=\u00bbyes\u00bb css=\u00bb.vc_custom_1597761784473{margin-bottom: 10px !important;}\u00bb][vc_text_separator title=\u00bbPescado, pulpo, fumet, boquerones\u00bb color=\u00bbcustom\u00bb border_width=\u00bb2&#8243; el_width=\u00bb90&#8243; accent_color=\u00bb#227a36&#8243;][vc_custom_heading text=\u00bbUna empresa familiar dedicada al mundo del pescado desde hace m\u00e1s de 107 a\u00f1os.<br \/>\nSomos una empresa dedicada a la comercializaci\u00f3n minorista y mayorista de pescado y marisco, fresco y congelado. Con sede en San Carles de la R\u00e1pita, dispone de dos puestos de pescado ubicadas en el mercado municipal de la R\u00e0pita y el mercado municipal de Amposta que nos permiten ofrecer la m\u00e1xima calidad en nuestros productos.\u00bb font_container=\u00bbtag:p|text_align:center|color:rgba(10%2C10%2C10%2C0.6)\u00bb use_theme_fonts=\u00bbyes\u00bb][nectar_btn size=\u00bbjumbo\u00bb open_new_tab=\u00bbtrue\u00bb button_style=\u00bbsee-through-2&#8243; color_override=\u00bb#2a8b35&#8243; hover_text_color_override=\u00bb#ffffff\u00bb icon_family=\u00bbnone\u00bb url=\u00bbhttp:\/\/www.peixosclaudio.com\/\u00bb text=\u00bbPeixos Claudio\u00bb][\/vc_column_inner][\/vc_row_inner][\/vc_column][vc_column column_padding=\u00bbno-extra-padding\u00bb column_padding_position=\u00bball\u00bb background_color_opacity=\u00bb1&#8243; background_hover_color_opacity=\u00bb1&#8243; background_image=\u00bb19769&#8243; enable_bg_scale=\u00bbtrue\u00bb column_link_target=\u00bb_self\u00bb column_shadow=\u00bbnone\u00bb column_border_radius=\u00bbnone\u00bb width=\u00bb1\/2&#8243; tablet_width_inherit=\u00bbdefault\u00bb tablet_text_alignment=\u00bbdefault\u00bb phone_text_alignment=\u00bbdefault\u00bb column_border_width=\u00bbnone\u00bb column_border_style=\u00bbsolid\u00bb bg_image_animation=\u00bbnone\u00bb][\/vc_column][\/vc_row][vc_row type=\u00bbfull_width_content\u00bb full_screen_row_position=\u00bbmiddle\u00bb equal_height=\u00bbyes\u00bb content_placement=\u00bbmiddle\u00bb scene_position=\u00bbcenter\u00bb text_color=\u00bbdark\u00bb text_align=\u00bbleft\u00bb overlay_strength=\u00bb0.3&#8243; shape_divider_position=\u00bbbottom\u00bb bg_image_animation=\u00bbnone\u00bb][vc_column column_padding=\u00bbno-extra-padding\u00bb column_padding_position=\u00bball\u00bb background_color_opacity=\u00bb1&#8243; background_hover_color_opacity=\u00bb1&#8243; background_image=\u00bb18419&#8243; enable_bg_scale=\u00bbtrue\u00bb column_link_target=\u00bb_self\u00bb column_shadow=\u00bbnone\u00bb column_border_radius=\u00bbnone\u00bb width=\u00bb1\/2&#8243; tablet_width_inherit=\u00bbdefault\u00bb tablet_text_alignment=\u00bbdefault\u00bb phone_text_alignment=\u00bbdefault\u00bb column_border_width=\u00bbnone\u00bb column_border_style=\u00bbsolid\u00bb bg_image_animation=\u00bbnone\u00bb][\/vc_column][vc_column column_padding=\u00bbpadding-10-percent\u00bb column_padding_position=\u00bball\u00bb background_color_opacity=\u00bb1&#8243; background_hover_color_opacity=\u00bb1&#8243; column_link_target=\u00bb_self\u00bb column_shadow=\u00bbnone\u00bb column_border_radius=\u00bbnone\u00bb width=\u00bb1\/2&#8243; tablet_width_inherit=\u00bbdefault\u00bb tablet_text_alignment=\u00bbdefault\u00bb phone_text_alignment=\u00bbdefault\u00bb column_border_width=\u00bbnone\u00bb column_border_style=\u00bbsolid\u00bb bg_image_animation=\u00bbnone\u00bb][vc_row_inner column_margin=\u00bbdefault\u00bb text_align=\u00bbleft\u00bb][vc_column_inner column_padding=\u00bbno-extra-padding\u00bb column_padding_position=\u00bball\u00bb centered_text=\u00bbtrue\u00bb background_color_opacity=\u00bb1&#8243; background_hover_color_opacity=\u00bb1&#8243; column_shadow=\u00bbnone\u00bb column_border_radius=\u00bbnone\u00bb column_link_target=\u00bb_self\u00bb width=\u00bb1\/1&#8243; tablet_width_inherit=\u00bbdefault\u00bb column_border_width=\u00bbnone\u00bb column_border_style=\u00bbsolid\u00bb bg_image_animation=\u00bbnone\u00bb enable_animation=\u00bbtrue\u00bb animation=\u00bbfade-in-from-bottom\u00bb][vc_custom_heading text=\u00bbMarisc Catal\u00e0\u00bb font_container=\u00bbtag:h2|text_align:center\u00bb use_theme_fonts=\u00bbyes\u00bb css=\u00bb.vc_custom_1597761894741{margin-bottom: 10px !important;}\u00bb][vc_text_separator title=\u00bbMarisco\u00bb color=\u00bbcustom\u00bb border_width=\u00bb2&#8243; el_width=\u00bb60&#8243; accent_color=\u00bb#227a36&#8243;][vc_custom_heading text=\u00bbEmpresa ubicada en el Delta Del Ebro, parque natural y reserva de la biosfera, es una empresa de car\u00e1cter familiar que cada d\u00eda nos esforzamos poder hacer nuestro trabajo mejor. Nos dedicamos al mundo de la acuicultura y compra-venta de marisco, desde hace 2 generaciones.\u00bb font_container=\u00bbtag:p|text_align:center|color:rgba(10%2C10%2C10%2C0.6)\u00bb use_theme_fonts=\u00bbyes\u00bb][nectar_btn size=\u00bbjumbo\u00bb open_new_tab=\u00bbtrue\u00bb button_style=\u00bbsee-through-2&#8243; color_override=\u00bb#2a8b35&#8243; hover_text_color_override=\u00bb#ffffff\u00bb icon_family=\u00bbnone\u00bb url=\u00bbhttps:\/\/marisc-mediterrani.com\/\u00bb text=\u00bbMarisc Catal\u00e0\u00bb][\/vc_column_inner][\/vc_row_inner][\/vc_column][\/vc_row][vc_row type=\u00bbfull_width_content\u00bb full_screen_row_position=\u00bbmiddle\u00bb equal_height=\u00bbyes\u00bb content_placement=\u00bbmiddle\u00bb bg_color=\u00bb#ffffff\u00bb scene_position=\u00bbcenter\u00bb text_color=\u00bbdark\u00bb text_align=\u00bbleft\u00bb overlay_strength=\u00bb0.3&#8243; shape_divider_position=\u00bbbottom\u00bb bg_image_animation=\u00bbnone\u00bb][vc_column column_padding=\u00bbpadding-10-percent\u00bb column_padding_position=\u00bball\u00bb background_color=\u00bb#ffffff\u00bb background_color_opacity=\u00bb1&#8243; background_hover_color_opacity=\u00bb1&#8243; column_link_target=\u00bb_self\u00bb column_shadow=\u00bbnone\u00bb column_border_radius=\u00bbnone\u00bb width=\u00bb1\/2&#8243; tablet_width_inherit=\u00bbdefault\u00bb tablet_text_alignment=\u00bbdefault\u00bb phone_text_alignment=\u00bbdefault\u00bb column_border_width=\u00bbnone\u00bb column_border_style=\u00bbsolid\u00bb bg_image_animation=\u00bbnone\u00bb][vc_row_inner column_margin=\u00bbdefault\u00bb text_align=\u00bbleft\u00bb][vc_column_inner column_padding=\u00bbno-extra-padding\u00bb column_padding_position=\u00bball\u00bb centered_text=\u00bbtrue\u00bb background_color_opacity=\u00bb1&#8243; background_hover_color_opacity=\u00bb1&#8243; column_shadow=\u00bbnone\u00bb column_border_radius=\u00bbnone\u00bb column_link_target=\u00bb_self\u00bb width=\u00bb1\/1&#8243; tablet_width_inherit=\u00bbdefault\u00bb column_border_width=\u00bbnone\u00bb column_border_style=\u00bbsolid\u00bb bg_image_animation=\u00bbnone\u00bb enable_animation=\u00bbtrue\u00bb animation=\u00bbfade-in-from-bottom\u00bb][vc_custom_heading text=\u00bbCeller Pagos de H\u00edbera\u00bb font_container=\u00bbtag:h2|text_align:center\u00bb use_theme_fonts=\u00bbyes\u00bb css=\u00bb.vc_custom_1597760826520{margin-bottom: 10px !important;}\u00bb][vc_text_separator title=\u00bbVinos y aceites DO Terra Alta\u00bb color=\u00bbcustom\u00bb border_width=\u00bb2&#8243; accent_color=\u00bb#227a36&#8243;][vc_custom_heading text=\u00bbLa Bodega Pagos de H\u00edbera fue creado por los hermanos Joaquim y Fran L\u00f3pez, ambos criados y formados dentro del mundo de la hosteler\u00eda y la restauraci\u00f3n, que junto con el en\u00f3logo Jos\u00e9 Valiente y el bodeguero Jos\u00e9 Vicens elaboran sus vinos a partir de uvas extra\u00eddos de fincas ubicadas en fincas de Gandesa y Pinell de Bray.\u00bb font_container=\u00bbtag:p|text_align:center|color:rgba(10%2C10%2C10%2C0.6)\u00bb use_theme_fonts=\u00bbyes\u00bb][nectar_btn size=\u00bbjumbo\u00bb open_new_tab=\u00bbtrue\u00bb button_style=\u00bbsee-through-2&#8243; color_override=\u00bb#2a8b35&#8243; hover_text_color_override=\u00bb#ffffff\u00bb icon_family=\u00bbnone\u00bb url=\u00bbwww.pagosdehibera.com\u00bb text=\u00bbCeller Pagos de H\u00edbera\u00bb][\/vc_column_inner][\/vc_row_inner][\/vc_column][vc_column column_padding=\u00bbno-extra-padding\u00bb column_padding_position=\u00bball\u00bb background_color_opacity=\u00bb1&#8243; background_hover_color_opacity=\u00bb1&#8243; background_image=\u00bb19755&#8243; enable_bg_scale=\u00bbtrue\u00bb column_link_target=\u00bb_self\u00bb column_shadow=\u00bbnone\u00bb column_border_radius=\u00bbnone\u00bb width=\u00bb1\/2&#8243; tablet_width_inherit=\u00bbdefault\u00bb tablet_text_alignment=\u00bbdefault\u00bb phone_text_alignment=\u00bbdefault\u00bb column_border_width=\u00bbnone\u00bb column_border_style=\u00bbsolid\u00bb bg_image_animation=\u00bbnone\u00bb][\/vc_column][\/vc_row][vc_row type=\u00bbfull_width_content\u00bb full_screen_row_position=\u00bbmiddle\u00bb equal_height=\u00bbyes\u00bb content_placement=\u00bbmiddle\u00bb scene_position=\u00bbcenter\u00bb text_color=\u00bbdark\u00bb text_align=\u00bbleft\u00bb overlay_strength=\u00bb0.3&#8243; shape_divider_position=\u00bbbottom\u00bb bg_image_animation=\u00bbnone\u00bb][vc_column column_padding=\u00bbno-extra-padding\u00bb column_padding_position=\u00bball\u00bb background_color_opacity=\u00bb1&#8243; background_hover_color_opacity=\u00bb1&#8243; background_image=\u00bb19773&#8243; enable_bg_scale=\u00bbtrue\u00bb column_link_target=\u00bb_self\u00bb column_shadow=\u00bbnone\u00bb column_border_radius=\u00bbnone\u00bb width=\u00bb1\/2&#8243; tablet_width_inherit=\u00bbdefault\u00bb tablet_text_alignment=\u00bbdefault\u00bb phone_text_alignment=\u00bbdefault\u00bb column_border_width=\u00bbnone\u00bb column_border_style=\u00bbsolid\u00bb bg_image_animation=\u00bbnone\u00bb][\/vc_column][vc_column column_padding=\u00bbpadding-10-percent\u00bb column_padding_position=\u00bball\u00bb background_color_opacity=\u00bb1&#8243; background_hover_color_opacity=\u00bb1&#8243; column_link_target=\u00bb_self\u00bb column_shadow=\u00bbnone\u00bb column_border_radius=\u00bbnone\u00bb width=\u00bb1\/2&#8243; tablet_width_inherit=\u00bbdefault\u00bb tablet_text_alignment=\u00bbdefault\u00bb phone_text_alignment=\u00bbdefault\u00bb column_border_width=\u00bbnone\u00bb column_border_style=\u00bbsolid\u00bb bg_image_animation=\u00bbnone\u00bb][vc_row_inner column_margin=\u00bbdefault\u00bb text_align=\u00bbleft\u00bb][vc_column_inner column_padding=\u00bbno-extra-padding\u00bb column_padding_position=\u00bball\u00bb centered_text=\u00bbtrue\u00bb background_color_opacity=\u00bb1&#8243; background_hover_color_opacity=\u00bb1&#8243; column_shadow=\u00bbnone\u00bb column_border_radius=\u00bbnone\u00bb column_link_target=\u00bb_self\u00bb width=\u00bb1\/1&#8243; tablet_width_inherit=\u00bbdefault\u00bb column_border_width=\u00bbnone\u00bb column_border_style=\u00bbsolid\u00bb bg_image_animation=\u00bbnone\u00bb enable_animation=\u00bbtrue\u00bb animation=\u00bbfade-in-from-bottom\u00bb][vc_custom_heading text=\u00bbOlives Arag\u00f3n\u00bb font_container=\u00bbtag:h2|text_align:center\u00bb use_theme_fonts=\u00bbyes\u00bb css=\u00bb.vc_custom_1597762526620{margin-bottom: 10px !important;}\u00bb][vc_text_separator title=\u00bbAceitunas\u00bb color=\u00bbcustom\u00bb border_width=\u00bb2&#8243; el_width=\u00bb60&#8243; accent_color=\u00bb#227a36&#8243;][vc_custom_heading text=\u00bbSomos una familia que elaboramos nuestros propios aderezos de manera artesanal. Nuestros mejores lugares para probar nuestros productos son los mercados ambulantes, donde puedes probar todos nuestros productos, estamos trabajando para poder ofrecer un mejor servicio de compra.\u00bb font_container=\u00bbtag:p|text_align:center|color:rgba(10%2C10%2C10%2C0.6)\u00bb use_theme_fonts=\u00bbyes\u00bb][nectar_btn size=\u00bbjumbo\u00bb open_new_tab=\u00bbtrue\u00bb button_style=\u00bbsee-through-2&#8243; color_override=\u00bb#2a8b35&#8243; hover_text_color_override=\u00bb#ffffff\u00bb icon_family=\u00bbnone\u00bb url=\u00bbhttps:\/\/aceitunas-laragon.negocio.site\/\u00bb text=\u00bbOlives Arag\u00f3n\u00bb][\/vc_column_inner][\/vc_row_inner][\/vc_column][\/vc_row]\n","protected":false},"excerpt":{"rendered":"<p>[vc_row type=\u00bbfull_width_background\u00bb full_screen_row_position=\u00bbmiddle\u00bb scene_position=\u00bbcenter\u00bb text_color=\u00bblight\u00bb text_align=\u00bbleft\u00bb top_padding=\u00bb3%\u00bb bottom_padding=\u00bb3%\u00bb enable_gradient=\u00bbtrue\u00bb color_overlay=\u00bb#ffa500&#8243; color_overlay_2=\u00bb#ffffff\u00bb gradient_direction=\u00bbtop_to_bottom\u00bb overlay_strength=\u00bb0.95&#8243; shape_divider_position=\u00bbbottom\u00bb bg_image_animation=\u00bbnone\u00bb parallax_bg=\u00bbtrue\u00bb parallax_bg_speed=\u00bbfast\u00bb shape_type=\u00bb\u00bb][vc_column column_padding=\u00bbno-extra-padding\u00bb column_padding_position=\u00bball\u00bb background_color_opacity=\u00bb1&#8243; background_hover_color_opacity=\u00bb1&#8243; column_link_target=\u00bb_self\u00bb column_shadow=\u00bbnone\u00bb column_border_radius=\u00bbnone\u00bb&#8230;<\/p>\n","protected":false},"author":1,"featured_media":19854,"parent":0,"menu_order":0,"comment_status":"closed","ping_status":"closed","template":"","meta":{"footnotes":""},"class_list":["post-20113","page","type-page","status-publish","has-post-thumbnail"],"yoast_head":"<!-- This site is optimized with the Yoast SEO plugin v26.6 - https:\/\/yoast.com\/wordpress\/plugins\/seo\/ -->\n<title>Colaboradores - Mercat Finca Mas Roig<\/title>\n<meta name=\"description\" content=\"En Mercat Finca Mas Roig nos hemos agrupado con productores locales para hacer llegar a tu casa toda clase de productos de primera necesidad.\" \/>\n<meta name=\"robots\" content=\"index, follow, max-snippet:-1, max-image-preview:large, max-video-preview:-1\" \/>\n<link rel=\"canonical\" href=\"https:\/\/mercatfincamasroig.com\/es\/colaboradores\/\" \/>\n<meta property=\"og:locale\" content=\"es_ES\" \/>\n<meta property=\"og:type\" content=\"article\" \/>\n<meta property=\"og:title\" content=\"Colaboradores - Mercat Finca Mas Roig\" \/>\n<meta property=\"og:description\" content=\"En Mercat Finca Mas Roig nos hemos agrupado con productores locales para hacer llegar a tu casa toda clase de productos de primera necesidad.\" \/>\n<meta property=\"og:url\" content=\"https:\/\/mercatfincamasroig.com\/es\/colaboradores\/\" \/>\n<meta property=\"og:site_name\" content=\"Mercat Finca Mas Roig\" \/>\n<meta property=\"article:modified_time\" content=\"2020-09-01T11:55:55+00:00\" \/>\n<meta property=\"og:image\" content=\"https:\/\/mercatfincamasroig.com\/wp-content\/uploads\/2020\/08\/sandia-ralladas-sin-pepitas-mercat-finca-mas-roig-3.jpeg\" \/>\n\t<meta property=\"og:image:width\" content=\"768\" \/>\n\t<meta property=\"og:image:height\" content=\"1024\" \/>\n\t<meta property=\"og:image:type\" content=\"image\/jpeg\" \/>\n<meta name=\"twitter:card\" content=\"summary_large_image\" \/>\n<meta name=\"twitter:label1\" content=\"Tiempo de lectura\" \/>\n\t<meta name=\"twitter:data1\" content=\"21 minutos\" \/>\n<script type=\"application\/ld+json\" class=\"yoast-schema-graph\">{\"@context\":\"https:\/\/schema.org\",\"@graph\":[{\"@type\":\"WebPage\",\"@id\":\"https:\/\/mercatfincamasroig.com\/es\/colaboradores\/\",\"url\":\"https:\/\/mercatfincamasroig.com\/es\/colaboradores\/\",\"name\":\"Colaboradores - Mercat Finca Mas Roig\",\"isPartOf\":{\"@id\":\"https:\/\/mercatfincamasroig.com\/#website\"},\"primaryImageOfPage\":{\"@id\":\"https:\/\/mercatfincamasroig.com\/es\/colaboradores\/#primaryimage\"},\"image\":{\"@id\":\"https:\/\/mercatfincamasroig.com\/es\/colaboradores\/#primaryimage\"},\"thumbnailUrl\":\"https:\/\/mercatfincamasroig.com\/wp-content\/uploads\/2020\/08\/sandia-ralladas-sin-pepitas-mercat-finca-mas-roig-3.jpeg\",\"datePublished\":\"2020-08-18T16:17:38+00:00\",\"dateModified\":\"2020-09-01T11:55:55+00:00\",\"description\":\"En Mercat Finca Mas Roig nos hemos agrupado con productores locales para hacer llegar a tu casa toda clase de productos de primera necesidad.\",\"breadcrumb\":{\"@id\":\"https:\/\/mercatfincamasroig.com\/es\/colaboradores\/#breadcrumb\"},\"inLanguage\":\"es\",\"potentialAction\":[{\"@type\":\"ReadAction\",\"target\":[\"https:\/\/mercatfincamasroig.com\/es\/colaboradores\/\"]}]},{\"@type\":\"ImageObject\",\"inLanguage\":\"es\",\"@id\":\"https:\/\/mercatfincamasroig.com\/es\/colaboradores\/#primaryimage\",\"url\":\"https:\/\/mercatfincamasroig.com\/wp-content\/uploads\/2020\/08\/sandia-ralladas-sin-pepitas-mercat-finca-mas-roig-3.jpeg\",\"contentUrl\":\"https:\/\/mercatfincamasroig.com\/wp-content\/uploads\/2020\/08\/sandia-ralladas-sin-pepitas-mercat-finca-mas-roig-3.jpeg\",\"width\":768,\"height\":1024,\"caption\":\"co\"},{\"@type\":\"BreadcrumbList\",\"@id\":\"https:\/\/mercatfincamasroig.com\/es\/colaboradores\/#breadcrumb\",\"itemListElement\":[{\"@type\":\"ListItem\",\"position\":1,\"name\":\"Portada\",\"item\":\"https:\/\/mercatfincamasroig.com\/es\/\"},{\"@type\":\"ListItem\",\"position\":2,\"name\":\"Colaboradores\"}]},{\"@type\":\"WebSite\",\"@id\":\"https:\/\/mercatfincamasroig.com\/#website\",\"url\":\"https:\/\/mercatfincamasroig.com\/\",\"name\":\"C\u00edtrics Finca Mas Roig\",\"description\":\"Botiga online de producte de mercat a casa de KM0 Terres de l\u2019Ebre\",\"publisher\":{\"@id\":\"https:\/\/mercatfincamasroig.com\/#organization\"},\"potentialAction\":[{\"@type\":\"SearchAction\",\"target\":{\"@type\":\"EntryPoint\",\"urlTemplate\":\"https:\/\/mercatfincamasroig.com\/?s={search_term_string}\"},\"query-input\":{\"@type\":\"PropertyValueSpecification\",\"valueRequired\":true,\"valueName\":\"search_term_string\"}}],\"inLanguage\":\"es\"},{\"@type\":\"Organization\",\"@id\":\"https:\/\/mercatfincamasroig.com\/#organization\",\"name\":\"C\u00edtrics Finca Mas Roig\",\"url\":\"https:\/\/mercatfincamasroig.com\/\",\"logo\":{\"@type\":\"ImageObject\",\"inLanguage\":\"es\",\"@id\":\"https:\/\/mercatfincamasroig.com\/#\/schema\/logo\/image\/\",\"url\":\"\",\"contentUrl\":\"\",\"caption\":\"C\u00edtrics Finca Mas Roig\"},\"image\":{\"@id\":\"https:\/\/mercatfincamasroig.com\/#\/schema\/logo\/image\/\"}}]}<\/script>\n<!-- \/ Yoast SEO plugin. -->","yoast_head_json":{"title":"Colaboradores - Mercat Finca Mas Roig","description":"En Mercat Finca Mas Roig nos hemos agrupado con productores locales para hacer llegar a tu casa toda clase de productos de primera necesidad.","robots":{"index":"index","follow":"follow","max-snippet":"max-snippet:-1","max-image-preview":"max-image-preview:large","max-video-preview":"max-video-preview:-1"},"canonical":"https:\/\/mercatfincamasroig.com\/es\/colaboradores\/","og_locale":"es_ES","og_type":"article","og_title":"Colaboradores - Mercat Finca Mas Roig","og_description":"En Mercat Finca Mas Roig nos hemos agrupado con productores locales para hacer llegar a tu casa toda clase de productos de primera necesidad.","og_url":"https:\/\/mercatfincamasroig.com\/es\/colaboradores\/","og_site_name":"Mercat Finca Mas Roig","article_modified_time":"2020-09-01T11:55:55+00:00","og_image":[{"width":768,"height":1024,"url":"https:\/\/mercatfincamasroig.com\/wp-content\/uploads\/2020\/08\/sandia-ralladas-sin-pepitas-mercat-finca-mas-roig-3.jpeg","type":"image\/jpeg"}],"twitter_card":"summary_large_image","twitter_misc":{"Tiempo de lectura":"21 minutos"},"schema":{"@context":"https:\/\/schema.org","@graph":[{"@type":"WebPage","@id":"https:\/\/mercatfincamasroig.com\/es\/colaboradores\/","url":"https:\/\/mercatfincamasroig.com\/es\/colaboradores\/","name":"Colaboradores - Mercat Finca Mas Roig","isPartOf":{"@id":"https:\/\/mercatfincamasroig.com\/#website"},"primaryImageOfPage":{"@id":"https:\/\/mercatfincamasroig.com\/es\/colaboradores\/#primaryimage"},"image":{"@id":"https:\/\/mercatfincamasroig.com\/es\/colaboradores\/#primaryimage"},"thumbnailUrl":"https:\/\/mercatfincamasroig.com\/wp-content\/uploads\/2020\/08\/sandia-ralladas-sin-pepitas-mercat-finca-mas-roig-3.jpeg","datePublished":"2020-08-18T16:17:38+00:00","dateModified":"2020-09-01T11:55:55+00:00","description":"En Mercat Finca Mas Roig nos hemos agrupado con productores locales para hacer llegar a tu casa toda clase de productos de primera necesidad.","breadcrumb":{"@id":"https:\/\/mercatfincamasroig.com\/es\/colaboradores\/#breadcrumb"},"inLanguage":"es","potentialAction":[{"@type":"ReadAction","target":["https:\/\/mercatfincamasroig.com\/es\/colaboradores\/"]}]},{"@type":"ImageObject","inLanguage":"es","@id":"https:\/\/mercatfincamasroig.com\/es\/colaboradores\/#primaryimage","url":"https:\/\/mercatfincamasroig.com\/wp-content\/uploads\/2020\/08\/sandia-ralladas-sin-pepitas-mercat-finca-mas-roig-3.jpeg","contentUrl":"https:\/\/mercatfincamasroig.com\/wp-content\/uploads\/2020\/08\/sandia-ralladas-sin-pepitas-mercat-finca-mas-roig-3.jpeg","width":768,"height":1024,"caption":"co"},{"@type":"BreadcrumbList","@id":"https:\/\/mercatfincamasroig.com\/es\/colaboradores\/#breadcrumb","itemListElement":[{"@type":"ListItem","position":1,"name":"Portada","item":"https:\/\/mercatfincamasroig.com\/es\/"},{"@type":"ListItem","position":2,"name":"Colaboradores"}]},{"@type":"WebSite","@id":"https:\/\/mercatfincamasroig.com\/#website","url":"https:\/\/mercatfincamasroig.com\/","name":"C\u00edtrics Finca Mas Roig","description":"Botiga online de producte de mercat a casa de KM0 Terres de l\u2019Ebre","publisher":{"@id":"https:\/\/mercatfincamasroig.com\/#organization"},"potentialAction":[{"@type":"SearchAction","target":{"@type":"EntryPoint","urlTemplate":"https:\/\/mercatfincamasroig.com\/?s={search_term_string}"},"query-input":{"@type":"PropertyValueSpecification","valueRequired":true,"valueName":"search_term_string"}}],"inLanguage":"es"},{"@type":"Organization","@id":"https:\/\/mercatfincamasroig.com\/#organization","name":"C\u00edtrics Finca Mas Roig","url":"https:\/\/mercatfincamasroig.com\/","logo":{"@type":"ImageObject","inLanguage":"es","@id":"https:\/\/mercatfincamasroig.com\/#\/schema\/logo\/image\/","url":"","contentUrl":"","caption":"C\u00edtrics Finca Mas Roig"},"image":{"@id":"https:\/\/mercatfincamasroig.com\/#\/schema\/logo\/image\/"}}]}},"_links":{"self":[{"href":"https:\/\/mercatfincamasroig.com\/es\/wp-json\/wp\/v2\/pages\/20113","targetHints":{"allow":["GET"]}}],"collection":[{"href":"https:\/\/mercatfincamasroig.com\/es\/wp-json\/wp\/v2\/pages"}],"about":[{"href":"https:\/\/mercatfincamasroig.com\/es\/wp-json\/wp\/v2\/types\/page"}],"author":[{"embeddable":true,"href":"https:\/\/mercatfincamasroig.com\/es\/wp-json\/wp\/v2\/users\/1"}],"replies":[{"embeddable":true,"href":"https:\/\/mercatfincamasroig.com\/es\/wp-json\/wp\/v2\/comments?post=20113"}],"version-history":[{"count":0,"href":"https:\/\/mercatfincamasroig.com\/es\/wp-json\/wp\/v2\/pages\/20113\/revisions"}],"wp:featuredmedia":[{"embeddable":true,"href":"https:\/\/mercatfincamasroig.com\/es\/wp-json\/wp\/v2\/media\/19854"}],"wp:attachment":[{"href":"https:\/\/mercatfincamasroig.com\/es\/wp-json\/wp\/v2\/media?parent=20113"}],"curies":[{"name":"wp","href":"https:\/\/api.w.org\/{rel}","templated":true}]}}