{"id":16062,"date":"2020-03-31T16:56:47","date_gmt":"2020-03-31T15:56:47","guid":{"rendered":"https:\/\/mercatfincamasroig.com\/?page_id=16062"},"modified":"2023-10-18T16:48:56","modified_gmt":"2023-10-18T15:48:56","slug":"transporte","status":"publish","type":"page","link":"https:\/\/mercatfincamasroig.com\/es\/transporte\/","title":{"rendered":"Transporte propio"},"content":{"rendered":"[vc_row type=\u00bbin_container\u00bb full_screen_row_position=\u00bbmiddle\u00bb column_margin=\u00bbdefault\u00bb column_direction=\u00bbdefault\u00bb column_direction_tablet=\u00bbdefault\u00bb column_direction_phone=\u00bbdefault\u00bb scene_position=\u00bbcenter\u00bb text_color=\u00bbdark\u00bb text_align=\u00bbleft\u00bb row_border_radius=\u00bbnone\u00bb row_border_radius_applies=\u00bbbg\u00bb overlay_strength=\u00bb0.3&#8243; gradient_direction=\u00bbleft_to_right\u00bb shape_divider_position=\u00bbbottom\u00bb bg_image_animation=\u00bbnone\u00bb][vc_column column_padding=\u00bbpadding-4-percent\u00bb column_padding_tablet=\u00bbinherit\u00bb column_padding_phone=\u00bbinherit\u00bb column_padding_position=\u00bball\u00bb background_color_opacity=\u00bb1&#8243; background_hover_color_opacity=\u00bb1&#8243; column_shadow=\u00bbnone\u00bb column_border_radius=\u00bbnone\u00bb column_link_target=\u00bb_self\u00bb gradient_direction=\u00bbleft_to_right\u00bb overlay_strength=\u00bb0.3&#8243; width=\u00bb1\/1&#8243; tablet_width_inherit=\u00bbdefault\u00bb tablet_text_alignment=\u00bbdefault\u00bb phone_text_alignment=\u00bbdefault\u00bb column_border_width=\u00bbnone\u00bb column_border_style=\u00bbsolid\u00bb bg_image_animation=\u00bbnone\u00bb][vc_column_text]\n<div class=\"wpb_text_column wpb_content_element \">\n<div class=\"wpb_wrapper\">\n<h2 style=\"text-align: center;\">Informaci\u00f3n transporte<\/h2>\n<\/div>\n<\/div>\n[\/vc_column_text][vc_text_separator title=\u00bb\u00bb i_type=\u00bblinecons\u00bb i_icon_linecons=\u00bbvc_li vc_li-truck\u00bb i_color=\u00bbgreen\u00bb color=\u00bbgreen\u00bb el_width=\u00bb30&#8243; add_icon=\u00bbtrue\u00bb][vc_row_inner equal_height=\u00bbyes\u00bb column_margin=\u00bbdefault\u00bb column_direction=\u00bbdefault\u00bb column_direction_tablet=\u00bbdefault\u00bb column_direction_phone=\u00bbdefault\u00bb text_align=\u00bbleft\u00bb][vc_column_inner column_padding=\u00bbpadding-3-percent\u00bb column_padding_tablet=\u00bbinherit\u00bb column_padding_phone=\u00bbinherit\u00bb column_padding_position=\u00bball\u00bb background_color_opacity=\u00bb1&#8243; background_hover_color_opacity=\u00bb1&#8243; column_shadow=\u00bbmedium_depth\u00bb column_border_radius=\u00bbnone\u00bb column_link_target=\u00bb_self\u00bb gradient_direction=\u00bbleft_to_right\u00bb overlay_strength=\u00bb0.3&#8243; width=\u00bb1\/2&#8243; tablet_width_inherit=\u00bbdefault\u00bb column_border_width=\u00bbnone\u00bb column_border_style=\u00bbsolid\u00bb bg_image_animation=\u00bbnone\u00bb][vc_custom_heading text=\u00bbInstrucciones para efectuar pedidos\u00bb font_container=\u00bbtag:h3|text_align:center\u00bb use_theme_fonts=\u00bbyes\u00bb][divider line_type=\u00bbSmall Line\u00bb line_alignment=\u00bbcenter\u00bb line_thickness=\u00bb2&#8243; divider_color=\u00bbextra-color-1&#8243; animate=\u00bbyes\u00bb][vc_column_text]\n<div class=\"wpb_text_column wpb_content_element \">\n<div class=\"wpb_wrapper\">\n<p style=\"text-align: center;\"><span style=\"color: #008000;\"><strong>\u2713\u00a0<\/strong><\/span>Los pedidos realizados entre <strong>mi\u00e9rcoles y domingo<\/strong> ser\u00e1n preparados el lunes y enviados entre martes y mi\u00e9rcoles.<br \/>\n<strong><span style=\"color: #339966;\">\u2713\u00a0<\/span><\/strong>Todos los pedidos que se realizaran despu\u00e9s de las 20:00 pasar\u00e1n a ser considerados como pedidos efectuados al d\u00eda siguiente.<br \/>\n<strong><span style=\"color: #339966;\">\u2713<\/span> <\/strong>Todos los pedidos que se env\u00eden de lunes a martes ser\u00e1n preparados el mi\u00e9rcoles y se enviar\u00e1n entre jueves y viernes.<br \/>\n<strong><span style=\"color: #339966;\">\u2713<\/span> <\/strong>Todos los pedidos recibidos se cosechan y preparan el d\u00eda antes de la fecha de reparto.<\/p>\n<\/div>\n<\/div>\n[\/vc_column_text][\/vc_column_inner][vc_column_inner column_padding=\u00bbpadding-3-percent\u00bb column_padding_tablet=\u00bbinherit\u00bb column_padding_phone=\u00bbinherit\u00bb column_padding_position=\u00bball\u00bb centered_text=\u00bbtrue\u00bb background_color_opacity=\u00bb1&#8243; background_hover_color_opacity=\u00bb1&#8243; column_shadow=\u00bbmedium_depth\u00bb column_border_radius=\u00bbnone\u00bb column_link_target=\u00bb_self\u00bb gradient_direction=\u00bbleft_to_right\u00bb overlay_strength=\u00bb0.3&#8243; width=\u00bb1\/2&#8243; tablet_width_inherit=\u00bbdefault\u00bb column_border_width=\u00bbnone\u00bb column_border_style=\u00bbsolid\u00bb bg_image_animation=\u00bbnone\u00bb][vc_column_text]\n<h3>D\u00edas de entrega<\/h3>\n[\/vc_column_text][divider line_type=\u00bbSmall Line\u00bb line_alignment=\u00bbdefault\u00bb line_thickness=\u00bb2&#8243; divider_color=\u00bbextra-color-1&#8243; animate=\u00bbyes\u00bb][vc_column_text css=\u00bb.vc_custom_1697643671287{padding-right: 10% !important;}\u00bb]\u2713 Repartimos los martes, mi\u00e9rcoles, jueves y viernes.<br \/>\n\u2713 Los pedidos se cosechan y se envasan el d\u00eda antes del reparto.<br \/>\n\u2713 Tenemos reparto propio y reparto de empresas de transporte[\/vc_column_text][\/vc_column_inner][\/vc_row_inner][\/vc_column][\/vc_row]\n","protected":false},"excerpt":{"rendered":"<p>[vc_row type=\u00bbin_container\u00bb full_screen_row_position=\u00bbmiddle\u00bb column_margin=\u00bbdefault\u00bb column_direction=\u00bbdefault\u00bb column_direction_tablet=\u00bbdefault\u00bb column_direction_phone=\u00bbdefault\u00bb scene_position=\u00bbcenter\u00bb text_color=\u00bbdark\u00bb text_align=\u00bbleft\u00bb row_border_radius=\u00bbnone\u00bb row_border_radius_applies=\u00bbbg\u00bb overlay_strength=\u00bb0.3&#8243; gradient_direction=\u00bbleft_to_right\u00bb shape_divider_position=\u00bbbottom\u00bb bg_image_animation=\u00bbnone\u00bb][vc_column column_padding=\u00bbpadding-4-percent\u00bb column_padding_tablet=\u00bbinherit\u00bb column_padding_phone=\u00bbinherit\u00bb column_padding_position=\u00bball\u00bb background_color_opacity=\u00bb1&#8243; background_hover_color_opacity=\u00bb1&#8243; column_shadow=\u00bbnone\u00bb column_border_radius=\u00bbnone\u00bb column_link_target=\u00bb_self\u00bb&#8230;<\/p>\n","protected":false},"author":1,"featured_media":15333,"parent":0,"menu_order":0,"comment_status":"closed","ping_status":"closed","template":"","meta":{"footnotes":""},"class_list":["post-16062","page","type-page","status-publish","has-post-thumbnail"],"yoast_head":"<!-- This site is optimized with the Yoast SEO plugin v26.6 - https:\/\/yoast.com\/wordpress\/plugins\/seo\/ -->\n<title>Transporte propio refrigerado y siempre a tiempo - Mercat Finca Mas Roig<\/title>\n<meta name=\"description\" content=\"Tenemos servicio de transporte refrigerado propio. Hacemos seguimiento de su pedido para que le llegue siempre a tiempo y con la calidad exigida.\" \/>\n<meta name=\"robots\" content=\"index, follow, max-snippet:-1, max-image-preview:large, max-video-preview:-1\" \/>\n<link rel=\"canonical\" href=\"https:\/\/mercatfincamasroig.com\/es\/transporte\/\" \/>\n<meta property=\"og:locale\" content=\"es_ES\" \/>\n<meta property=\"og:type\" content=\"article\" \/>\n<meta property=\"og:title\" content=\"Transporte propio refrigerado y siempre a tiempo - Mercat Finca Mas Roig\" \/>\n<meta property=\"og:description\" content=\"Tenemos servicio de transporte refrigerado propio. Hacemos seguimiento de su pedido para que le llegue siempre a tiempo y con la calidad exigida.\" \/>\n<meta property=\"og:url\" content=\"https:\/\/mercatfincamasroig.com\/es\/transporte\/\" \/>\n<meta property=\"og:site_name\" content=\"Mercat Finca Mas Roig\" \/>\n<meta property=\"article:modified_time\" content=\"2023-10-18T15:48:56+00:00\" \/>\n<meta property=\"og:image\" content=\"https:\/\/mercatfincamasroig.com\/wp-content\/uploads\/2020\/03\/citrics-finca-mas-roig-limones-llimones-km0-ebres-terres-mandarines-clemenules-naranjas-km0-caixa.mixta-citrics.jpg\" \/>\n\t<meta property=\"og:image:width\" content=\"1800\" \/>\n\t<meta property=\"og:image:height\" content=\"1201\" \/>\n\t<meta property=\"og:image:type\" content=\"image\/jpeg\" \/>\n<meta name=\"twitter:card\" content=\"summary_large_image\" \/>\n<meta name=\"twitter:label1\" content=\"Tiempo de lectura\" \/>\n\t<meta name=\"twitter:data1\" content=\"3 minutos\" \/>\n<script type=\"application\/ld+json\" class=\"yoast-schema-graph\">{\"@context\":\"https:\/\/schema.org\",\"@graph\":[{\"@type\":\"WebPage\",\"@id\":\"https:\/\/mercatfincamasroig.com\/es\/transporte\/\",\"url\":\"https:\/\/mercatfincamasroig.com\/es\/transporte\/\",\"name\":\"Transporte propio refrigerado y siempre a tiempo - Mercat Finca Mas Roig\",\"isPartOf\":{\"@id\":\"https:\/\/mercatfincamasroig.com\/#website\"},\"primaryImageOfPage\":{\"@id\":\"https:\/\/mercatfincamasroig.com\/es\/transporte\/#primaryimage\"},\"image\":{\"@id\":\"https:\/\/mercatfincamasroig.com\/es\/transporte\/#primaryimage\"},\"thumbnailUrl\":\"https:\/\/mercatfincamasroig.com\/wp-content\/uploads\/2020\/03\/citrics-finca-mas-roig-limones-llimones-km0-ebres-terres-mandarines-clemenules-naranjas-km0-caixa.mixta-citrics.jpg\",\"datePublished\":\"2020-03-31T15:56:47+00:00\",\"dateModified\":\"2023-10-18T15:48:56+00:00\",\"description\":\"Tenemos servicio de transporte refrigerado propio. Hacemos seguimiento de su pedido para que le llegue siempre a tiempo y con la calidad exigida.\",\"breadcrumb\":{\"@id\":\"https:\/\/mercatfincamasroig.com\/es\/transporte\/#breadcrumb\"},\"inLanguage\":\"es\",\"potentialAction\":[{\"@type\":\"ReadAction\",\"target\":[\"https:\/\/mercatfincamasroig.com\/es\/transporte\/\"]}]},{\"@type\":\"ImageObject\",\"inLanguage\":\"es\",\"@id\":\"https:\/\/mercatfincamasroig.com\/es\/transporte\/#primaryimage\",\"url\":\"https:\/\/mercatfincamasroig.com\/wp-content\/uploads\/2020\/03\/citrics-finca-mas-roig-limones-llimones-km0-ebres-terres-mandarines-clemenules-naranjas-km0-caixa.mixta-citrics.jpg\",\"contentUrl\":\"https:\/\/mercatfincamasroig.com\/wp-content\/uploads\/2020\/03\/citrics-finca-mas-roig-limones-llimones-km0-ebres-terres-mandarines-clemenules-naranjas-km0-caixa.mixta-citrics.jpg\",\"width\":1800,\"height\":1201,\"caption\":\"c\u00edtricos tranporte propio\"},{\"@type\":\"BreadcrumbList\",\"@id\":\"https:\/\/mercatfincamasroig.com\/es\/transporte\/#breadcrumb\",\"itemListElement\":[{\"@type\":\"ListItem\",\"position\":1,\"name\":\"Portada\",\"item\":\"https:\/\/mercatfincamasroig.com\/es\/\"},{\"@type\":\"ListItem\",\"position\":2,\"name\":\"Transporte propio\"}]},{\"@type\":\"WebSite\",\"@id\":\"https:\/\/mercatfincamasroig.com\/#website\",\"url\":\"https:\/\/mercatfincamasroig.com\/\",\"name\":\"C\u00edtrics Finca Mas Roig\",\"description\":\"Botiga online de producte de mercat a casa de KM0 Terres de l\u2019Ebre\",\"publisher\":{\"@id\":\"https:\/\/mercatfincamasroig.com\/#organization\"},\"potentialAction\":[{\"@type\":\"SearchAction\",\"target\":{\"@type\":\"EntryPoint\",\"urlTemplate\":\"https:\/\/mercatfincamasroig.com\/?s={search_term_string}\"},\"query-input\":{\"@type\":\"PropertyValueSpecification\",\"valueRequired\":true,\"valueName\":\"search_term_string\"}}],\"inLanguage\":\"es\"},{\"@type\":\"Organization\",\"@id\":\"https:\/\/mercatfincamasroig.com\/#organization\",\"name\":\"C\u00edtrics Finca Mas Roig\",\"url\":\"https:\/\/mercatfincamasroig.com\/\",\"logo\":{\"@type\":\"ImageObject\",\"inLanguage\":\"es\",\"@id\":\"https:\/\/mercatfincamasroig.com\/#\/schema\/logo\/image\/\",\"url\":\"\",\"contentUrl\":\"\",\"caption\":\"C\u00edtrics Finca Mas Roig\"},\"image\":{\"@id\":\"https:\/\/mercatfincamasroig.com\/#\/schema\/logo\/image\/\"}}]}<\/script>\n<!-- \/ Yoast SEO plugin. -->","yoast_head_json":{"title":"Transporte propio refrigerado y siempre a tiempo - Mercat Finca Mas Roig","description":"Tenemos servicio de transporte refrigerado propio. Hacemos seguimiento de su pedido para que le llegue siempre a tiempo y con la calidad exigida.","robots":{"index":"index","follow":"follow","max-snippet":"max-snippet:-1","max-image-preview":"max-image-preview:large","max-video-preview":"max-video-preview:-1"},"canonical":"https:\/\/mercatfincamasroig.com\/es\/transporte\/","og_locale":"es_ES","og_type":"article","og_title":"Transporte propio refrigerado y siempre a tiempo - Mercat Finca Mas Roig","og_description":"Tenemos servicio de transporte refrigerado propio. Hacemos seguimiento de su pedido para que le llegue siempre a tiempo y con la calidad exigida.","og_url":"https:\/\/mercatfincamasroig.com\/es\/transporte\/","og_site_name":"Mercat Finca Mas Roig","article_modified_time":"2023-10-18T15:48:56+00:00","og_image":[{"width":1800,"height":1201,"url":"https:\/\/mercatfincamasroig.com\/wp-content\/uploads\/2020\/03\/citrics-finca-mas-roig-limones-llimones-km0-ebres-terres-mandarines-clemenules-naranjas-km0-caixa.mixta-citrics.jpg","type":"image\/jpeg"}],"twitter_card":"summary_large_image","twitter_misc":{"Tiempo de lectura":"3 minutos"},"schema":{"@context":"https:\/\/schema.org","@graph":[{"@type":"WebPage","@id":"https:\/\/mercatfincamasroig.com\/es\/transporte\/","url":"https:\/\/mercatfincamasroig.com\/es\/transporte\/","name":"Transporte propio refrigerado y siempre a tiempo - Mercat Finca Mas Roig","isPartOf":{"@id":"https:\/\/mercatfincamasroig.com\/#website"},"primaryImageOfPage":{"@id":"https:\/\/mercatfincamasroig.com\/es\/transporte\/#primaryimage"},"image":{"@id":"https:\/\/mercatfincamasroig.com\/es\/transporte\/#primaryimage"},"thumbnailUrl":"https:\/\/mercatfincamasroig.com\/wp-content\/uploads\/2020\/03\/citrics-finca-mas-roig-limones-llimones-km0-ebres-terres-mandarines-clemenules-naranjas-km0-caixa.mixta-citrics.jpg","datePublished":"2020-03-31T15:56:47+00:00","dateModified":"2023-10-18T15:48:56+00:00","description":"Tenemos servicio de transporte refrigerado propio. Hacemos seguimiento de su pedido para que le llegue siempre a tiempo y con la calidad exigida.","breadcrumb":{"@id":"https:\/\/mercatfincamasroig.com\/es\/transporte\/#breadcrumb"},"inLanguage":"es","potentialAction":[{"@type":"ReadAction","target":["https:\/\/mercatfincamasroig.com\/es\/transporte\/"]}]},{"@type":"ImageObject","inLanguage":"es","@id":"https:\/\/mercatfincamasroig.com\/es\/transporte\/#primaryimage","url":"https:\/\/mercatfincamasroig.com\/wp-content\/uploads\/2020\/03\/citrics-finca-mas-roig-limones-llimones-km0-ebres-terres-mandarines-clemenules-naranjas-km0-caixa.mixta-citrics.jpg","contentUrl":"https:\/\/mercatfincamasroig.com\/wp-content\/uploads\/2020\/03\/citrics-finca-mas-roig-limones-llimones-km0-ebres-terres-mandarines-clemenules-naranjas-km0-caixa.mixta-citrics.jpg","width":1800,"height":1201,"caption":"c\u00edtricos tranporte propio"},{"@type":"BreadcrumbList","@id":"https:\/\/mercatfincamasroig.com\/es\/transporte\/#breadcrumb","itemListElement":[{"@type":"ListItem","position":1,"name":"Portada","item":"https:\/\/mercatfincamasroig.com\/es\/"},{"@type":"ListItem","position":2,"name":"Transporte propio"}]},{"@type":"WebSite","@id":"https:\/\/mercatfincamasroig.com\/#website","url":"https:\/\/mercatfincamasroig.com\/","name":"C\u00edtrics Finca Mas Roig","description":"Botiga online de producte de mercat a casa de KM0 Terres de l\u2019Ebre","publisher":{"@id":"https:\/\/mercatfincamasroig.com\/#organization"},"potentialAction":[{"@type":"SearchAction","target":{"@type":"EntryPoint","urlTemplate":"https:\/\/mercatfincamasroig.com\/?s={search_term_string}"},"query-input":{"@type":"PropertyValueSpecification","valueRequired":true,"valueName":"search_term_string"}}],"inLanguage":"es"},{"@type":"Organization","@id":"https:\/\/mercatfincamasroig.com\/#organization","name":"C\u00edtrics Finca Mas Roig","url":"https:\/\/mercatfincamasroig.com\/","logo":{"@type":"ImageObject","inLanguage":"es","@id":"https:\/\/mercatfincamasroig.com\/#\/schema\/logo\/image\/","url":"","contentUrl":"","caption":"C\u00edtrics Finca Mas Roig"},"image":{"@id":"https:\/\/mercatfincamasroig.com\/#\/schema\/logo\/image\/"}}]}},"_links":{"self":[{"href":"https:\/\/mercatfincamasroig.com\/es\/wp-json\/wp\/v2\/pages\/16062","targetHints":{"allow":["GET"]}}],"collection":[{"href":"https:\/\/mercatfincamasroig.com\/es\/wp-json\/wp\/v2\/pages"}],"about":[{"href":"https:\/\/mercatfincamasroig.com\/es\/wp-json\/wp\/v2\/types\/page"}],"author":[{"embeddable":true,"href":"https:\/\/mercatfincamasroig.com\/es\/wp-json\/wp\/v2\/users\/1"}],"replies":[{"embeddable":true,"href":"https:\/\/mercatfincamasroig.com\/es\/wp-json\/wp\/v2\/comments?post=16062"}],"version-history":[{"count":0,"href":"https:\/\/mercatfincamasroig.com\/es\/wp-json\/wp\/v2\/pages\/16062\/revisions"}],"wp:featuredmedia":[{"embeddable":true,"href":"https:\/\/mercatfincamasroig.com\/es\/wp-json\/wp\/v2\/media\/15333"}],"wp:attachment":[{"href":"https:\/\/mercatfincamasroig.com\/es\/wp-json\/wp\/v2\/media?parent=16062"}],"curies":[{"name":"wp","href":"https:\/\/api.w.org\/{rel}","templated":true}]}}